{"id":1538,"date":"2016-04-08T08:35:34","date_gmt":"2016-04-08T07:35:34","guid":{"rendered":"http:\/\/fbt-avocats.ch\/en\/?post_type=portfolio&#038;p=1538"},"modified":"2025-12-02T10:51:43","modified_gmt":"2025-12-02T09:51:43","slug":"jerome-bissardon","status":"publish","type":"portfolio","link":"https:\/\/www.fbt-avocats.ch\/en\/portfolio-item\/jerome-bissardon\/","title":{"rendered":"J\u00e9r\u00f4me Bissardon"},"content":{"rendered":"<div id='full_slider_1' class='avia-fullwidth-slider main_color avia-shadow  av-medium-hide av-small-hide av-mini-hide  avia-builder-el-0  el_before_av_slideshow_full  avia-builder-el-first   container_wrap fullsize' style=' '  ><div  data-size='no scaling'  data-lightbox_size='large'  data-animation='fade'  data-conditional_play=''  data-ids='29737'  data-video_counter='0'  data-autoplay='false'  data-bg_slider='false'  data-slide_height=''  data-handle='av_slideshow_full'  data-interval='5'  data-class=' '  data-css_id=''  data-scroll_down=''  data-control_layout='av-control-hidden'  data-custom_markup=''  data-perma_caption='aviaTBperma_caption'  data-autoplay_stopper=''  data-image_attachment=''  data-min_height='0px'  data-src=''  data-position='top left'  data-repeat='no-repeat'  data-attach='scroll'  data-stretch=''  class='avia-slideshow avia-slideshow-1  av-control-hidden av-default-height-applied avia-slideshow-no scaling av_slideshow_full   avia-fade-slider '  itemprop=\"ImageObject\" itemscope=\"itemscope\" itemtype=\"https:\/\/schema.org\/ImageObject\" ><ul class='avia-slideshow-inner ' style='padding-bottom: 28.666666666667%;' ><li  class=' av-single-slide slide-1 ' ><div data-rel='slideshow-1' class='avia-slide-wrap '   ><img src='https:\/\/www.fbt-avocats.ch\/wp-content\/uploads\/2025\/09\/JBI-3.png' width='2250' height='645' title='JBI' alt=''  itemprop=\"thumbnailUrl\"   \/><\/div><\/li><\/ul><div class = \"caption_fullwidth av-slideshow-caption caption_left\"><div class = \"container caption_container\"><div class = \"slideshow_caption\"><div class = \"slideshow_inner_caption\"><div class = \"slideshow_align_caption\"><h2  style='color:#ffffff; ' class='avia-caption-title '  itemprop=\"name\" >J\u00e9r\u00f4me Bissardon<\/h2><div class='avia-caption-content  av_inherit_color'  itemprop=\"description\"   style='color:#ffffff; '><p>Partner | Paris<br \/>\n+33 1 45 61 18 00<br \/>\njbissardon@fbt-avocats.fr<\/p>\n<\/div><a href='mailto:jbissardon@fbt-avocats.fr'  target=\"_blank\"  class='avia-slideshow-button avia-button avia-color-theme-color-subtle avia-multi-slideshow-button' data-duration='800' data-easing='easeInOutQuad'>Send an email <\/a><a href='https:\/\/www.fbt-avocats.ch\/en\/?id_contact=21&amp;download_vcard=1'  target=\"_blank\"  class='avia-slideshow-button avia-button avia-color-theme-color-subtle avia-multi-slideshow-button avia-slideshow-button-2' data-duration='800' data-easing='easeInOutQuad'>Vcard<\/a><\/div><\/div><\/div><\/div><\/div><\/div><\/div>\n<div id='full_slider_2' class='avia-fullwidth-slider main_color avia-shadow  av-desktop-hide av-small-hide av-mini-hide  avia-builder-el-1  el_after_av_slideshow_full  el_before_av_slideshow_full   slider-not-first container_wrap fullsize' style=' '  ><div  data-size='no scaling'  data-lightbox_size='large'  data-animation='slide'  data-conditional_play=''  data-ids='30026'  data-video_counter='0'  data-autoplay='false'  data-bg_slider='false'  data-slide_height=''  data-handle='av_slideshow_full'  data-interval='5'  data-class=' '  data-css_id=''  data-scroll_down=''  data-control_layout='av-control-default'  data-custom_markup=''  data-perma_caption=''  data-autoplay_stopper=''  data-image_attachment=''  data-min_height='0px'  data-src=''  data-position='top left'  data-repeat='no-repeat'  data-attach='scroll'  data-stretch=''  class='avia-slideshow avia-slideshow-2  av-control-default av-default-height-applied avia-slideshow-no scaling av_slideshow_full   avia-slide-slider '  itemprop=\"ImageObject\" itemscope=\"itemscope\" itemtype=\"https:\/\/schema.org\/ImageObject\" ><ul class='avia-slideshow-inner ' style='padding-bottom: 75%;' ><li  class=' av-single-slide slide-1 ' ><div data-rel='slideshow-2' class='avia-slide-wrap '   ><img src='https:\/\/www.fbt-avocats.ch\/wp-content\/uploads\/2025\/09\/JBI-4.png' width='1000' height='750' title='JBI' alt=''  itemprop=\"thumbnailUrl\"   \/><\/div><\/li><\/ul><\/div><\/div>\n<div id='full_slider_3' class='avia-fullwidth-slider main_color avia-shadow  av-desktop-hide av-medium-hide  avia-builder-el-2  el_after_av_slideshow_full  el_before_av_submenu   slider-not-first container_wrap fullsize' style=' '  ><div  data-size='no scaling'  data-lightbox_size='large'  data-animation='slide'  data-conditional_play=''  data-ids='29904'  data-video_counter='0'  data-autoplay='false'  data-bg_slider='false'  data-slide_height=''  data-handle='av_slideshow_full'  data-interval='5'  data-class=' '  data-css_id=''  data-scroll_down=''  data-control_layout='av-control-default'  data-custom_markup=''  data-perma_caption=''  data-autoplay_stopper=''  data-image_attachment=''  data-min_height='0px'  data-src=''  data-position='top left'  data-repeat='no-repeat'  data-attach='scroll'  data-stretch=''  class='avia-slideshow avia-slideshow-3  av-control-default av-default-height-applied avia-slideshow-no scaling av_slideshow_full   avia-slide-slider '  itemprop=\"ImageObject\" itemscope=\"itemscope\" itemtype=\"https:\/\/schema.org\/ImageObject\" ><ul class='avia-slideshow-inner ' style='padding-bottom: 100%;' ><li  class=' av-single-slide slide-1 ' ><div data-rel='slideshow-3' class='avia-slide-wrap '   ><img src='https:\/\/www.fbt-avocats.ch\/wp-content\/uploads\/2025\/09\/Jerome-Bissardon.png' width='800' height='800' title='Jerome-Bissardon' alt='Jerome Bissardon'  itemprop=\"thumbnailUrl\"   \/><\/div><\/li><\/ul><\/div><\/div>\n<div class='clear'><\/div><div id='sub_menu1' class='av-submenu-container main_color  avia-builder-el-3  el_after_av_slideshow_full  el_before_av_heading   av-sticky-submenu submenu-not-first container_wrap fullsize' style='  z-index:301' ><div class='container av-menu-mobile-disabled '><ul id='av-custom-submenu-1' class='av-subnav-menu av-submenu-pos-center'>\n<li class='menu-item menu-item-top-level  menu-item-top-level-1'><a href='#top' ><span class='avia-bullet'><\/span><span class='avia-menu-text'>Contact<\/span><\/a><\/li>\n<li class='menu-item menu-item-top-level  menu-item-top-level-2'><a href='#competence' ><span class='avia-bullet'><\/span><span class='avia-menu-text'>Expertise<\/span><\/a><\/li>\n<li class='menu-item menu-item-top-level  menu-item-top-level-3'><a href='#cv' ><span class='avia-bullet'><\/span><span class='avia-menu-text'>Resume<\/span><\/a><\/li>\n<li class='menu-item menu-item-top-level  menu-item-top-level-4'><a href='https:\/\/www.linkedin.com\/in\/j%C3%A9r%C3%B4me-bissardon-940878182\/'  target=\"_blank\" ><span class='avia-bullet'><\/span><span class='avia-menu-text'>LinkedIn<\/span><\/a><\/li>\n<\/ul><\/div><\/div><div class='sticky_placeholder'><\/div><div id='after_submenu' class='main_color av_default_container_wrap container_wrap fullsize' style=' '  ><div class='container' ><div class='template-page content  av-content-full alpha units'><div class='post-entry post-entry-type-page post-entry-1538'><div class='entry-content-wrapper clearfix'>\n<div style='padding-bottom:0px; ' class='av-special-heading av-special-heading-h1  blockquote modern-quote modern-centered  avia-builder-el-4  el_after_av_submenu  el_before_av_hr  avia-builder-el-first    av-desktop-hide'><h1 class='av-special-heading-tag '  itemprop=\"headline\"  >J\u00e9r\u00f4me Bissardon <\/h1><div class ='av-subheading av-subheading_below  ' style='font-size:15px;'><p>Partner | Paris<\/p>\n<\/div><div class='special-heading-border'><div class='special-heading-inner-border' ><\/div><\/div><\/div>\n<div style='height:20px' class='hr hr-invisible  av-desktop-hide av-medium-hide av-small-hide  avia-builder-el-5  el_after_av_heading  el_before_av_textblock  '><span class='hr-inner ' ><span class='hr-inner-style'><\/span><\/span><\/div>\n<section class=\"av_textblock_section  av-desktop-hide\"  itemscope=\"itemscope\" itemtype=\"https:\/\/schema.org\/CreativeWork\" ><div class='avia_textblock  '   itemprop=\"text\" ><p style=\"text-align: center;\">+33 1 45 61 18 00<br \/>\n<a href=\"mailto:jbissardon@fbt-avocats.fr\">jbissardon@fbt-avocats.fr<\/a><\/p>\n<\/div><\/section>\n<div class='avia-buttonrow-wrap avia-buttonrow-center  av-desktop-hide  avia-builder-el-7  el_after_av_textblock  el_before_av_section  avia-builder-el-last  '>\n<a href='https:\/\/www.fbt-avocats.ch\/en\/?id_contact=21&amp;download_vcard=1'  class='avia-button av-icon-on-hover avia-icon_select-yes-left-icon avia-color-dark avia-size-medium '  style='margin-bottom:5px; margin-left:3px; margin-right:3px; ' ><span class='avia_button_icon avia_button_icon_left ' aria-hidden='true' data-av_icon='\ue840' data-av_iconfont='entypo-fontello'><\/span><span class='avia_iconbox_title' >vCard<\/span><\/a>\n<\/div>\n<\/div><\/div><\/div><!-- close content main div --><\/div><\/div><div id='competence' class='avia-section main_color avia-section-large avia-no-border-styling avia-bg-style-scroll  avia-builder-el-8  el_after_av_buttonrow  el_before_av_section    container_wrap fullsize' style=' '  ><div class='container' ><div class='template-page content  av-content-full alpha units'><div class='post-entry post-entry-type-page post-entry-1538'><div class='entry-content-wrapper clearfix'>\n<section class=\"av_textblock_section \"  itemscope=\"itemscope\" itemtype=\"https:\/\/schema.org\/CreativeWork\" ><div class='avia_textblock  '   itemprop=\"text\" ><p style=\"text-align: left;\"><strong>Practice area:<\/strong>\u00a0<a href=\"https:\/\/www.fbt-avocats.ch\/en\/competence\/tax-and-corporate-lawyers\/\">Tax<\/a>,\u00a0<a href=\"https:\/\/www.fbt-avocats.ch\/en\/competence\/family-estate\/\">Corporate<br \/>\n<\/a><\/p>\n<p style=\"text-align: left;\"><strong>Language:<\/strong>\u00a0French<\/p>\n<\/div><\/section>\n<div class=\"flex_column av_one_full  av-animated-generic top-to-bottom  flex_column_div first  avia-builder-el-10  el_after_av_textblock  avia-builder-el-last   column-top-margin\" style='padding:30px; border-radius:0px; '><section class=\"av_textblock_section \"  itemscope=\"itemscope\" itemtype=\"https:\/\/schema.org\/CreativeWork\" ><div class='avia_textblock  '   itemprop=\"text\" ><h3 style=\"text-align: left;\">EXPERTISE<\/h3>\n<\/div><\/section><br \/>\n<section class=\"av_textblock_section \"  itemscope=\"itemscope\" itemtype=\"https:\/\/schema.org\/CreativeWork\" ><div class='avia_textblock  '   itemprop=\"text\" ><p><strong>J\u00e9r\u00f4me Bissardon<\/strong> is a Partner at FBT and a member of its Tax and Corporate Groups.<\/p>\n<p>He specializes in personal and patrimonial taxation and advises company directors and individuals on the tax optimization of their professional and private assets both in France and abroad with a view to their transfer (sale, donation, inheritance), or in a long-term return or investment logic.<\/p>\n<p>He has acquired solid experience of the &#8220;Dutreil&#8221; transmission pact in a French or French-Swiss environment, assisting company directors in the free transfer of shares or units of operating companies or animating holding companies, for the application of the transfer duty exemption on three quarters of the value.<\/p>\n<p>He also provides companies with day-to-day legal and tax advice and intervenes particularly in company structuring and intra-group relations. In this respect, he assists entrepreneurs in setting up companies, carrying out operations relating to the top end of companies&#8217; balance sheets, drafting the legal documents necessary for the life of the company or of the group.<\/p>\n<p>He also acts in tax audits and disputes involving companies and individuals, whom he assists in seeking and concluding transactions with the tax authorities.<\/p>\n<p>As a music tax expert, he also advises record and show production companies on tax credits for live musical performances and tax credits for phonographic production.<\/p>\n<p>Lastly, he also assists individuals with respect to their tax reporting duties (income tax, wealth tax (IFI), exit tax, \u201cDutreil\u201d transmission pact) as well as corporations with respect to (participation in meetings to prepare the annual accounts and tax returns).<\/p>\n<\/div><\/section><\/p><\/div>\n\n<\/div><\/div><\/div><!-- close content main div --><\/div><\/div><div id='cv' class='avia-section alternate_color avia-section-default avia-no-border-styling avia-bg-style-scroll  avia-builder-el-13  el_after_av_section  avia-builder-el-last    container_wrap fullsize' style=' '  ><div class='container' ><div class='template-page content  av-content-full alpha units'><div class='post-entry post-entry-type-page post-entry-1538'><div class='entry-content-wrapper clearfix'>\n<div class=\"flex_column av_one_full  flex_column_div first  avia-builder-el-14  avia-builder-el-no-sibling   \" style='padding:50px; border-radius:0px; '><div class=\"tabcontainer   sidebar_tab sidebar_tab_left noborder_tabs  avia-builder-el-15  avia-builder-el-no-sibling  \">\n\n<section class=\"av_tab_section\"  itemscope=\"itemscope\" itemtype=\"https:\/\/schema.org\/CreativeWork\" >    <div aria-controls=\"tab-id-1\" role=\"tab\" tabindex=\"0\" data-fake-id=\"#tab-id-1\" class=\"tab active_tab\"  itemprop=\"headline\" >Education and Professional Experience<\/div>\n    <div id=\"tab-id-1-container\" class=\"tab_content active_tab_content\" aria-hidden=\"false\">\n        <div class=\"tab_inner_content invers-color\"  itemprop=\"text\" >\n<p><strong>Since 2023<br \/>\n<\/strong>Partner, FBT Avocats SA, Paris<\/p>\n<p><strong>2021-2022<br \/>\n<\/strong>Associate, FBT Avocats SA, Paris<\/p>\n<p><strong>2014-2021<br \/>\n<\/strong>Senior Tax Advisor, FBT Avocats SA, Paris<\/p>\n<p><strong>2011-2014<br \/>\n<\/strong>Tax Advisor, NCA Notaires Conseils Associ\u00e9s, Meylan<\/p>\n<p><strong>2010<br \/>\n<\/strong>Master 2 Business and Tax Law, Law School, University of Lyon III<\/p>\n<p><strong>2010<br \/>\n<\/strong>Corporate Jurist Diploma (DJCE), Institute of Law and Business Economics, University of Lyon III<\/p>\n<p><strong>2010<br \/>\n<\/strong>Certificate of specialization \u2013 Intellectual property law, Law School, University of Montpellier I<\/p>\n<p><strong>2008-2010<br \/>\n<\/strong>Trainee, Ernst &amp; Young and Jurilex, Lyon<\/p>\n\n        <\/div>\n    <\/div>\n<\/section>\n\n<section class=\"av_tab_section\"  itemscope=\"itemscope\" itemtype=\"https:\/\/schema.org\/CreativeWork\" >    <div aria-controls=\"tab-id-2\" role=\"tab\" tabindex=\"0\" data-fake-id=\"#tab-id-2\" class=\"tab \"  itemprop=\"headline\" >Memberships<\/div>\n    <div id=\"tab-id-2-container\" class=\"tab_content \" aria-hidden=\"true\">\n        <div class=\"tab_inner_content invers-color\"  itemprop=\"text\" >\n<p>Institut des Avocats Conseils Fiscaux (IACF)<\/p>\n\n        <\/div>\n    <\/div>\n<\/section>\n\n<section class=\"av_tab_section\"  itemscope=\"itemscope\" itemtype=\"https:\/\/schema.org\/CreativeWork\" >    <div aria-controls=\"tab-id-3\" role=\"tab\" tabindex=\"0\" data-fake-id=\"#tab-id-3\" class=\"tab \"  itemprop=\"headline\" >Publications<\/div>\n    <div id=\"tab-id-3-container\" class=\"tab_content \" aria-hidden=\"true\">\n        <div class=\"tab_inner_content invers-color\"  itemprop=\"text\" >\n    <div id=\"ej-search-result\">\r\n               <div  class=\"ej-search-result-item\">\r\n            <a href=\"https:\/\/www.fbt-avocats.ch\/en\/dispositif-dutreil-et-tresorerie-excedentaire-la-jurisprudence-semble-saffiner-pour-lappreciation-de-lactivite-principale\/\"> \r\n                <!-- <div> -->\r\n                  <div class=\"ej-search-image\">\r\n                    <img loading=\"lazy\" decoding=\"async\" width=\"36\" height=\"36\" src=\"https:\/\/www.fbt-avocats.ch\/wp-content\/plugins\/ej-search\/images\/article-publication-36.png\">\r\n                  <\/div>\r\n                <div class=\"ej-search-result-container\">  \r\n                  <span class=\"ej-search-title\">Dispositif Dutreil et tr\u00e9sorerie exc\u00e9dentaire : la jurisprudence semble s\u2019affiner pour l\u2019appr\u00e9ciation de l\u2019activit\u00e9 principale<\/span> \r\n                  <span class=\"ej-search-date-publication\">Avril 2024  \/ Lexbase  <\/span>\r\n                  <span class=\"ej-search-competence\">  \/ Tax <\/span>\r\n                  <span class=\"ej-search-auteur\"> J\u00e9r\u00f4me Bissardon <\/span>\r\n                <\/div>  \r\n            <\/a> \r\n            <div style=\"clear:both\"><\/div>\r\n          <\/div>\r\n               <div  class=\"ej-search-result-item\">\r\n            <a href=\"https:\/\/www.fbt-avocats.ch\/en\/the-dutreil-pact-in-an-international-context-a-precautionary-measure-to-effectively-reduce-the-french-tax-cost-of-a-company-transfer\/\"> \r\n                <!-- <div> -->\r\n                  <div class=\"ej-search-image\">\r\n                    <img loading=\"lazy\" decoding=\"async\" width=\"36\" height=\"36\" src=\"https:\/\/www.fbt-avocats.ch\/wp-content\/plugins\/ej-search\/images\/article-publication-36.png\">\r\n                  <\/div>\r\n                <div class=\"ej-search-result-container\">  \r\n                  <span class=\"ej-search-title\">The \u00ab Dutreil \u00bb pact in an international context: a precautionary measure to effectively reduce the French tax cost of a company transfer<\/span> \r\n                  <span class=\"ej-search-date-publication\">D\u00e9cembre 2023  \/ BSL Banking in Switzerland and Liechstenstein  <\/span>\r\n                  <span class=\"ej-search-competence\">  \/ Tax , Family Estate <\/span>\r\n                  <span class=\"ej-search-auteur\"> Jean-Luc Bochatay , J\u00e9r\u00f4me Bissardon <\/span>\r\n                <\/div>  \r\n            <\/a> \r\n            <div style=\"clear:both\"><\/div>\r\n          <\/div>\r\n               <div  class=\"ej-search-result-item\">\r\n            <a href=\"https:\/\/www.fbt-avocats.ch\/en\/location-meublee-dispositif-dutreil-vers-de-nouvelles-perspectives\/\"> \r\n                <!-- <div> -->\r\n                  <div class=\"ej-search-image\">\r\n                    <img loading=\"lazy\" decoding=\"async\" width=\"36\" height=\"36\" src=\"https:\/\/www.fbt-avocats.ch\/wp-content\/plugins\/ej-search\/images\/article-publication-36.png\">\r\n                  <\/div>\r\n                <div class=\"ej-search-result-container\">  \r\n                  <span class=\"ej-search-title\">Location meubl\u00e9e et dispositif Dutreil : vers de nouvelles perspectives ?<\/span> \r\n                  <span class=\"ej-search-date-publication\">Octobre 2023  \/ Lexbase  <\/span>\r\n                  <span class=\"ej-search-competence\">  \/ Tax <\/span>\r\n                  <span class=\"ej-search-auteur\"> J\u00e9r\u00f4me Bissardon <\/span>\r\n                <\/div>  \r\n            <\/a> \r\n            <div style=\"clear:both\"><\/div>\r\n          <\/div>\r\n               <div  class=\"ej-search-result-item\">\r\n            <a href=\"https:\/\/www.fbt-avocats.ch\/en\/transmettre-entreprise-contexte-international-reflexions-usage-dispositif-dutreil\/\"> \r\n                <!-- <div> -->\r\n                  <div class=\"ej-search-image\">\r\n                    <img loading=\"lazy\" decoding=\"async\" width=\"36\" height=\"36\" src=\"https:\/\/www.fbt-avocats.ch\/wp-content\/plugins\/ej-search\/images\/article-publication-36.png\">\r\n                  <\/div>\r\n                <div class=\"ej-search-result-container\">  \r\n                  <span class=\"ej-search-title\">Transmettre son entreprise dans un contexte international : r\u00e9flexions sur le bon usage du dispositif \u00ab Dutreil \u00bb<\/span> \r\n                  <span class=\"ej-search-date-publication\">Juillet 2023  \/ Lexbase  <\/span>\r\n                  <span class=\"ej-search-competence\">  \/ Tax <\/span>\r\n                  <span class=\"ej-search-auteur\"> J\u00e9r\u00f4me Bissardon <\/span>\r\n                <\/div>  \r\n            <\/a> \r\n            <div style=\"clear:both\"><\/div>\r\n          <\/div>\r\n               <div  class=\"ej-search-result-item\">\r\n            <a href=\"https:\/\/www.fbt-avocats.ch\/en\/dutreil-holding-animatrice-remise-cause-dispositif-confirmee-cour-de-cassation-cas-danimation-insuffisamment-preparee-donation\/\"> \r\n                <!-- <div> -->\r\n                  <div class=\"ej-search-image\">\r\n                    <img loading=\"lazy\" decoding=\"async\" width=\"36\" height=\"36\" src=\"https:\/\/www.fbt-avocats.ch\/wp-content\/plugins\/ej-search\/images\/article-publication-36.png\">\r\n                  <\/div>\r\n                <div class=\"ej-search-result-container\">  \r\n                  <span class=\"ej-search-title\">Dutreil et holding animatrice : remise en cause du dispositif confirm\u00e9e par la Cour de cassation en cas d\u2019animation insuffisamment pr\u00e9par\u00e9e avant une donation<\/span> \r\n                  <span class=\"ej-search-date-publication\">Juillet 2023  \/ Lexbase  <\/span>\r\n                  <span class=\"ej-search-competence\">  \/ Tax <\/span>\r\n                  <span class=\"ej-search-auteur\"> J\u00e9r\u00f4me Bissardon <\/span>\r\n                <\/div>  \r\n            <\/a> \r\n            <div style=\"clear:both\"><\/div>\r\n          <\/div>\r\n               <div  class=\"ej-search-result-item\">\r\n            <a href=\"https:\/\/www.fbt-avocats.ch\/en\/cession-dusufruit-de-droits-sociaux-releve-seul-droit-fixe-denregistrement-de-125-euros\/\"> \r\n                <!-- <div> -->\r\n                  <div class=\"ej-search-image\">\r\n                    <img loading=\"lazy\" decoding=\"async\" width=\"36\" height=\"36\" src=\"https:\/\/www.fbt-avocats.ch\/wp-content\/plugins\/ej-search\/images\/article-publication-36.png\">\r\n                  <\/div>\r\n                <div class=\"ej-search-result-container\">  \r\n                  <span class=\"ej-search-title\">La cession d\u2019usufruit de droits sociaux rel\u00e8ve du seul droit fixe d\u2019enregistrement de 125 euros<\/span> \r\n                  <span class=\"ej-search-date-publication\">F\u00e9vrier 2023  \/ Lexbase  <\/span>\r\n                  <span class=\"ej-search-competence\">  \/ Corporate and Commercial <\/span>\r\n                  <span class=\"ej-search-auteur\"> J\u00e9r\u00f4me Bissardon <\/span>\r\n                <\/div>  \r\n            <\/a> \r\n            <div style=\"clear:both\"><\/div>\r\n          <\/div>\r\n               <div  class=\"ej-search-result-item\">\r\n            <a href=\"https:\/\/www.fbt-avocats.ch\/en\/donation-cession-de-titres-de-societes-soumises-a-limpot-societes\/\"> \r\n                <!-- <div> -->\r\n                  <div class=\"ej-search-image\">\r\n                    <img loading=\"lazy\" decoding=\"async\" width=\"36\" height=\"36\" src=\"https:\/\/www.fbt-avocats.ch\/wp-content\/plugins\/ej-search\/images\/article-publication-36.png\">\r\n                  <\/div>\r\n                <div class=\"ej-search-result-container\">  \r\n                  <span class=\"ej-search-title\">La donation avant cession de titres de soci\u00e9t\u00e9s soumises \u00e0 l\u2019imp\u00f4t sur les soci\u00e9t\u00e9s<\/span> \r\n                  <span class=\"ej-search-date-publication\">Juillet 2022  \/ Lexbase  <\/span>\r\n                  <span class=\"ej-search-competence\">  \/ Tax <\/span>\r\n                  <span class=\"ej-search-auteur\"> J\u00e9r\u00f4me Bissardon <\/span>\r\n                <\/div>  \r\n            <\/a> \r\n            <div style=\"clear:both\"><\/div>\r\n          <\/div>\r\n               <div  class=\"ej-search-result-item\">\r\n            <a href=\"https:\/\/www.fbt-avocats.ch\/en\/apport-cession-de-titres-de-societes-soumises-a-limpot-societes\/\"> \r\n                <!-- <div> -->\r\n                  <div class=\"ej-search-image\">\r\n                    <img loading=\"lazy\" decoding=\"async\" width=\"36\" height=\"36\" src=\"https:\/\/www.fbt-avocats.ch\/wp-content\/plugins\/ej-search\/images\/article-publication-36.png\">\r\n                  <\/div>\r\n                <div class=\"ej-search-result-container\">  \r\n                  <span class=\"ej-search-title\">Apport-cession de titres de soci\u00e9t\u00e9s soumises \u00e0 l\u2019imp\u00f4t sur les soci\u00e9t\u00e9s<\/span> \r\n                  <span class=\"ej-search-date-publication\">Mai 2022  \/ Lexbase  <\/span>\r\n                  <span class=\"ej-search-competence\">  \/ Tax <\/span>\r\n                  <span class=\"ej-search-auteur\"> J\u00e9r\u00f4me Bissardon <\/span>\r\n                <\/div>  \r\n            <\/a> \r\n            <div style=\"clear:both\"><\/div>\r\n          <\/div>\r\n               <div  class=\"ej-search-result-item\">\r\n            <a href=\"https:\/\/www.fbt-avocats.ch\/en\/fiscalite-de-musique-credit_dimpot_musique\/\"> \r\n                <!-- <div> -->\r\n                  <div class=\"ej-search-image\">\r\n                    <img loading=\"lazy\" decoding=\"async\" width=\"36\" height=\"36\" src=\"https:\/\/www.fbt-avocats.ch\/wp-content\/plugins\/ej-search\/images\/article-publication-36.png\">\r\n                  <\/div>\r\n                <div class=\"ej-search-result-container\">  \r\n                  <span class=\"ej-search-title\">Fiscalit\u00e9 de la musique et loi de finances pour 2021<\/span> \r\n                  <span class=\"ej-search-date-publication\">Mai 2021  \/ Lexbase  <\/span>\r\n                  <span class=\"ej-search-competence\">  \/ Tax <\/span>\r\n                  <span class=\"ej-search-auteur\"> J\u00e9r\u00f4me Bissardon <\/span>\r\n                <\/div>  \r\n            <\/a> \r\n            <div style=\"clear:both\"><\/div>\r\n          <\/div>\r\n        <\/div> \r\n\n\n        <\/div>\n    <\/div>\n<\/section>\n\n<section class=\"av_tab_section\"  itemscope=\"itemscope\" itemtype=\"https:\/\/schema.org\/CreativeWork\" >    <div aria-controls=\"tab-id-4\" role=\"tab\" tabindex=\"0\" data-fake-id=\"#tab-id-4\" class=\"tab \"  itemprop=\"headline\" >Speaking Engagements<\/div>\n    <div id=\"tab-id-4-container\" class=\"tab_content \" aria-hidden=\"true\">\n        <div class=\"tab_inner_content invers-color\"  itemprop=\"text\" >\n    <div id=\"ej-search-result\">\r\n               <div  class=\"ej-search-result-item\">\r\n             \r\n                <!-- <div> -->\r\n                  <div class=\"ej-search-image\">\r\n                    <img loading=\"lazy\" decoding=\"async\" width=\"36\" height=\"36\" src=\"https:\/\/www.fbt-avocats.ch\/wp-content\/plugins\/ej-search\/images\/conference-36.png\">\r\n                  <\/div>\r\n                <div class=\"ej-search-result-container\">  \r\n                  <span class=\"ej-search-title\">13 juin 2024 \u2013 Webinaire ASG et FBT Avocats SA - Transmettre son entreprise dans un contexte international : R\u00e9flexions sur le bon usage du dispositif \u00ab Dutreil \u00bb<\/span> \r\n                  <span class=\"ej-search-date-publication\"> ASG  <\/span>\r\n                  <span class=\"ej-search-competence\">  \/ Tax <\/span>\r\n                  <span class=\"ej-search-auteur\"> Michel Abt , J\u00e9r\u00f4me Bissardon <\/span>\r\n                <\/div>  \r\n             \r\n            <div style=\"clear:both\"><\/div>\r\n          <\/div>\r\n        <\/div> \r\n\n\n        <\/div>\n    <\/div>\n<\/section>\n\n<section class=\"av_tab_section\"  itemscope=\"itemscope\" itemtype=\"https:\/\/schema.org\/CreativeWork\" >    <div aria-controls=\"tab-id-5\" role=\"tab\" tabindex=\"0\" data-fake-id=\"#tab-id-5\" class=\"tab \"  itemprop=\"headline\" >Media<\/div>\n    <div id=\"tab-id-5-container\" class=\"tab_content \" aria-hidden=\"true\">\n        <div class=\"tab_inner_content invers-color\"  itemprop=\"text\" >\n    <div id=\"ej-search-result\">\r\n               <div  class=\"ej-search-result-item\">\r\n            <a href=\"https:\/\/www.fbt-avocats.ch\/en\/carton-rouge-en-cas-de-tresorerie-dormante\/\"> \r\n                <!-- <div> -->\r\n                  <div class=\"ej-search-image\">\r\n                    <img loading=\"lazy\" decoding=\"async\" width=\"36\" height=\"36\" src=\"https:\/\/www.fbt-avocats.ch\/wp-content\/plugins\/ej-search\/images\/article-news-36.png\">\r\n                  <\/div>\r\n                <div class=\"ej-search-result-container\">  \r\n                  <span class=\"ej-search-title\">Red card in case of dormant cash<\/span> \r\n                  <span class=\"ej-search-date-publication\">Septembre 2025  \/ Allnews  <\/span>\r\n                  <span class=\"ej-search-competence\">  \/ Family Estate <\/span>\r\n                  <span class=\"ej-search-auteur\"> J\u00e9r\u00f4me Bissardon <\/span>\r\n                <\/div>  \r\n            <\/a> \r\n            <div style=\"clear:both\"><\/div>\r\n          <\/div>\r\n               <div  class=\"ej-search-result-item\">\r\n            <a href=\"https:\/\/www.fbt-avocats.ch\/en\/lequipe-parisienne-de-fbt-avocats-a-ete-distinguee-guide-gestion-de-patrimoine-2025\/\"> \r\n                <!-- <div> -->\r\n                  <div class=\"ej-search-image\">\r\n                    <img loading=\"lazy\" decoding=\"async\" width=\"36\" height=\"36\" src=\"https:\/\/www.fbt-avocats.ch\/wp-content\/plugins\/ej-search\/images\/article-news-36.png\">\r\n                  <\/div>\r\n                <div class=\"ej-search-result-container\">  \r\n                  <span class=\"ej-search-title\">L\u2019\u00e9quipe parisienne de FBT Avocats SA a \u00e9t\u00e9 distingu\u00e9e dans le Guide Gestion de Patrimoine 2025<\/span> \r\n                  <span class=\"ej-search-date-publication\">Septembre 2025  <\/span>\r\n                  <span class=\"ej-search-competence\">  \/ Tax , Family Estate <\/span>\r\n                  <span class=\"ej-search-auteur\"> Alain Moreau , St\u00e9phanie Barreira , J\u00e9r\u00f4me Bissardon <\/span>\r\n                <\/div>  \r\n            <\/a> \r\n            <div style=\"clear:both\"><\/div>\r\n          <\/div>\r\n               <div  class=\"ej-search-result-item\">\r\n            <a href=\"https:\/\/www.fbt-avocats.ch\/en\/conclure-pacte-dutreil-transmission-dentreprise\/\"> \r\n                <!-- <div> -->\r\n                  <div class=\"ej-search-image\">\r\n                    <img loading=\"lazy\" decoding=\"async\" width=\"36\" height=\"36\" src=\"https:\/\/www.fbt-avocats.ch\/wp-content\/plugins\/ej-search\/images\/article-news-36.png\">\r\n                  <\/div>\r\n                <div class=\"ej-search-result-container\">  \r\n                  <span class=\"ej-search-title\">Signing a \u00abDutreil\u00bb pact before transferring a company<\/span> \r\n                  <span class=\"ej-search-date-publication\">Avril 2024  \/ Allnews  <\/span>\r\n                  <span class=\"ej-search-competence\">  \/ Tax , Family Estate <\/span>\r\n                  <span class=\"ej-search-auteur\"> J\u00e9r\u00f4me Bissardon <\/span>\r\n                <\/div>  \r\n            <\/a> \r\n            <div style=\"clear:both\"><\/div>\r\n          <\/div>\r\n               <div  class=\"ej-search-result-item\">\r\n            <a href=\"https:\/\/www.fbt-avocats.ch\/en\/reduire-efficacement-cout-fiscal-francais-dune-transmission-dentreprise\/\"> \r\n                <!-- <div> -->\r\n                  <div class=\"ej-search-image\">\r\n                    <img loading=\"lazy\" decoding=\"async\" width=\"36\" height=\"36\" src=\"https:\/\/www.fbt-avocats.ch\/wp-content\/plugins\/ej-search\/images\/article-news-36.png\">\r\n                  <\/div>\r\n                <div class=\"ej-search-result-container\">  \r\n                  <span class=\"ej-search-title\">R\u00e9duire efficacement le co\u00fbt fiscal fran\u00e7ais d'une transmission d'entreprise<\/span> \r\n                  <span class=\"ej-search-date-publication\">Septembre 2023  \/ Allnews  <\/span>\r\n                  <span class=\"ej-search-competence\">  \/ Tax <\/span>\r\n                  <span class=\"ej-search-auteur\"> Jean-Luc Bochatay , J\u00e9r\u00f4me Bissardon <\/span>\r\n                <\/div>  \r\n            <\/a> \r\n            <div style=\"clear:both\"><\/div>\r\n          <\/div>\r\n               <div  class=\"ej-search-result-item\">\r\n            <a href=\"https:\/\/www.fbt-avocats.ch\/en\/the-dutreil-pact-in-a-french-swiss-context-aprecautionary-measure-to-effectively-reduce-the-french-tax-cost-of-a-company-transfer\/\"> \r\n                <!-- <div> -->\r\n                  <div class=\"ej-search-image\">\r\n                    <img loading=\"lazy\" decoding=\"async\" width=\"36\" height=\"36\" src=\"https:\/\/www.fbt-avocats.ch\/wp-content\/plugins\/ej-search\/images\/article-news-36.png\">\r\n                  <\/div>\r\n                <div class=\"ej-search-result-container\">  \r\n                  <span class=\"ej-search-title\">The \"Dutreil\" pact in a French-Swiss context: aprecautionary measure to effectively reduce the French tax cost of a company transfer<\/span> \r\n                  <span class=\"ej-search-date-publication\">Juin 2023  \/ ASG  <\/span>\r\n                  <span class=\"ej-search-competence\">  \/ Tax , Family Estate <\/span>\r\n                  <span class=\"ej-search-auteur\"> Jean-Luc Bochatay , J\u00e9r\u00f4me Bissardon <\/span>\r\n                <\/div>  \r\n            <\/a> \r\n            <div style=\"clear:both\"><\/div>\r\n          <\/div>\r\n        <\/div> \r\n\n\n        <\/div>\n    <\/div>\n<\/section>\n\n<\/div><\/div>\n\n","protected":false},"excerpt":{"rendered":"<p>Partner &#8211; Paris<\/p>\n","protected":false},"featured_media":29904,"comment_status":"closed","ping_status":"closed","template":"","tags":[],"portfolio_entries":[71,632,629,72],"class_list":["post-1538","portfolio","type-portfolio","status-publish","has-post-thumbnail","hentry","portfolio_entries-corporate-and-commercial","portfolio_entries-paris-en","portfolio_entries-partner","portfolio_entries-tax"],"_links":{"self":[{"href":"https:\/\/www.fbt-avocats.ch\/en\/wp-json\/wp\/v2\/portfolio\/1538","targetHints":{"allow":["GET"]}}],"collection":[{"href":"https:\/\/www.fbt-avocats.ch\/en\/wp-json\/wp\/v2\/portfolio"}],"about":[{"href":"https:\/\/www.fbt-avocats.ch\/en\/wp-json\/wp\/v2\/types\/portfolio"}],"replies":[{"embeddable":true,"href":"https:\/\/www.fbt-avocats.ch\/en\/wp-json\/wp\/v2\/comments?post=1538"}],"version-history":[{"count":0,"href":"https:\/\/www.fbt-avocats.ch\/en\/wp-json\/wp\/v2\/portfolio\/1538\/revisions"}],"wp:featuredmedia":[{"embeddable":true,"href":"https:\/\/www.fbt-avocats.ch\/en\/wp-json\/wp\/v2\/media\/29904"}],"wp:attachment":[{"href":"https:\/\/www.fbt-avocats.ch\/en\/wp-json\/wp\/v2\/media?parent=1538"}],"wp:term":[{"taxonomy":"post_tag","embeddable":true,"href":"https:\/\/www.fbt-avocats.ch\/en\/wp-json\/wp\/v2\/tags?post=1538"},{"taxonomy":"portfolio_entries","embeddable":true,"href":"https:\/\/www.fbt-avocats.ch\/en\/wp-json\/wp\/v2\/portfolio_entries?post=1538"}],"curies":[{"name":"wp","href":"https:\/\/api.w.org\/{rel}","templated":true}]}}