{"id":1566,"date":"2016-04-18T07:56:50","date_gmt":"2016-04-18T06:56:50","guid":{"rendered":"http:\/\/fbt-avocats.ch\/en\/?post_type=portfolio&#038;p=1566"},"modified":"2025-12-02T10:41:11","modified_gmt":"2025-12-02T09:41:11","slug":"serge-fasel","status":"publish","type":"portfolio","link":"https:\/\/www.fbt-avocats.ch\/en\/portfolio-item\/serge-fasel\/","title":{"rendered":"Serge Fasel"},"content":{"rendered":"<div id='full_slider_1' class='avia-fullwidth-slider main_color avia-shadow  av-medium-hide av-small-hide av-mini-hide  avia-builder-el-0  el_before_av_slideshow_full  avia-builder-el-first   container_wrap fullsize' style=' '  ><div  data-size='no scaling'  data-lightbox_size='large'  data-animation='fade'  data-conditional_play=''  data-ids='30829'  data-video_counter='0'  data-autoplay='false'  data-bg_slider='false'  data-slide_height=''  data-handle='av_slideshow_full'  data-interval='5'  data-class=' '  data-css_id=''  data-scroll_down=''  data-control_layout='av-control-hidden'  data-custom_markup=''  data-perma_caption='aviaTBperma_caption'  data-autoplay_stopper=''  data-image_attachment=''  data-min_height='0px'  data-src=''  data-position='top left'  data-repeat='no-repeat'  data-attach='scroll'  data-stretch=''  class='avia-slideshow avia-slideshow-1  av-control-hidden av-default-height-applied avia-slideshow-no scaling av_slideshow_full   avia-fade-slider '  itemprop=\"ImageObject\" itemscope=\"itemscope\" itemtype=\"https:\/\/schema.org\/ImageObject\" ><ul class='avia-slideshow-inner ' style='padding-bottom: 28.666666666667%;' ><li  class=' av-single-slide slide-1 ' ><div data-rel='slideshow-1' class='avia-slide-wrap '   ><img src='https:\/\/www.fbt-avocats.ch\/wp-content\/uploads\/2025\/11\/SFA.png' width='2250' height='645' title='SFA' alt=''  itemprop=\"thumbnailUrl\"   \/><\/div><\/li><\/ul><div class = \"caption_fullwidth av-slideshow-caption caption_right\"><div class = \"container caption_container\"><div class = \"slideshow_caption\"><div class = \"slideshow_inner_caption\"><div class = \"slideshow_align_caption\"><h2  style='color:#ffffff; ' class='avia-caption-title '  itemprop=\"name\" >Serge Fasel<\/h2><div class='avia-caption-content  av_inherit_color'  itemprop=\"description\"   style='color:#ffffff; '><p>Partner | Geneva<br \/>\n+41 22 849 60 40<br \/>\nsfasel@fbt.ch<\/p>\n<\/div><a href='mailto:sfasel@fbt.ch'  target=\"_blank\"  class='avia-slideshow-button avia-button avia-color-theme-color-subtle avia-multi-slideshow-button' data-duration='800' data-easing='easeInOutQuad'>Send an email <\/a><a href='https:\/\/www.fbt-avocats.ch\/en\/?id_contact=9&amp;download_vcard=1'  target=\"_blank\"  class='avia-slideshow-button avia-button avia-color-theme-color-subtle avia-multi-slideshow-button avia-slideshow-button-2' data-duration='800' data-easing='easeInOutQuad'>Vcard<\/a><\/div><\/div><\/div><\/div><\/div><\/div><\/div>\n<div id='full_slider_2' class='avia-fullwidth-slider main_color avia-shadow  av-desktop-hide av-small-hide av-mini-hide  avia-builder-el-1  el_after_av_slideshow_full  el_before_av_slideshow_full   slider-not-first container_wrap fullsize' style=' '  ><div  data-size='no scaling'  data-lightbox_size='large'  data-animation='slide'  data-conditional_play=''  data-ids='30064'  data-video_counter='0'  data-autoplay='false'  data-bg_slider='false'  data-slide_height=''  data-handle='av_slideshow_full'  data-interval='5'  data-class=' '  data-css_id=''  data-scroll_down=''  data-control_layout='av-control-default'  data-custom_markup=''  data-perma_caption=''  data-autoplay_stopper=''  data-image_attachment=''  data-min_height='0px'  data-src=''  data-position='top left'  data-repeat='no-repeat'  data-attach='scroll'  data-stretch=''  class='avia-slideshow avia-slideshow-2  av-control-default av-default-height-applied avia-slideshow-no scaling av_slideshow_full   avia-slide-slider '  itemprop=\"ImageObject\" itemscope=\"itemscope\" itemtype=\"https:\/\/schema.org\/ImageObject\" ><ul class='avia-slideshow-inner ' style='padding-bottom: 75%;' ><li  class=' av-single-slide slide-1 ' ><div data-rel='slideshow-2' class='avia-slide-wrap '   ><img src='https:\/\/www.fbt-avocats.ch\/wp-content\/uploads\/2025\/09\/SFA.png' width='1000' height='750' title='SFA' alt=''  itemprop=\"thumbnailUrl\"   \/><\/div><\/li><\/ul><\/div><\/div>\n<div id='full_slider_3' class='avia-fullwidth-slider main_color avia-shadow  av-desktop-hide av-medium-hide  avia-builder-el-2  el_after_av_slideshow_full  el_before_av_submenu   slider-not-first container_wrap fullsize' style=' '  ><div  data-size='no scaling'  data-lightbox_size='large'  data-animation='slide'  data-conditional_play=''  data-ids='29939'  data-video_counter='0'  data-autoplay='false'  data-bg_slider='false'  data-slide_height=''  data-handle='av_slideshow_full'  data-interval='5'  data-class=' '  data-css_id=''  data-scroll_down=''  data-control_layout='av-control-default'  data-custom_markup=''  data-perma_caption=''  data-autoplay_stopper=''  data-image_attachment=''  data-min_height='0px'  data-src=''  data-position='top left'  data-repeat='no-repeat'  data-attach='scroll'  data-stretch=''  class='avia-slideshow avia-slideshow-3  av-control-default av-default-height-applied avia-slideshow-no scaling av_slideshow_full   avia-slide-slider '  itemprop=\"ImageObject\" itemscope=\"itemscope\" itemtype=\"https:\/\/schema.org\/ImageObject\" ><ul class='avia-slideshow-inner ' style='padding-bottom: 100%;' ><li  class=' av-single-slide slide-1 ' ><div data-rel='slideshow-3' class='avia-slide-wrap '   ><img src='https:\/\/www.fbt-avocats.ch\/wp-content\/uploads\/2025\/09\/Serge-Fasel.png' width='800' height='800' title='Serge-Fasel' alt='Serge Fasel'  itemprop=\"thumbnailUrl\"   \/><\/div><\/li><\/ul><\/div><\/div>\n<div class='clear'><\/div><div id='sub_menu1' class='av-submenu-container main_color  avia-builder-el-3  el_after_av_slideshow_full  el_before_av_heading   av-sticky-submenu submenu-not-first container_wrap fullsize' style='  z-index:301' ><div class='container av-menu-mobile-disabled '><ul id='av-custom-submenu-1' class='av-subnav-menu av-submenu-pos-center'>\n<li class='menu-item menu-item-top-level  menu-item-top-level-1'><a href='#top' ><span class='avia-bullet'><\/span><span class='avia-menu-text'>Contact<\/span><\/a><\/li>\n<li class='menu-item menu-item-top-level  menu-item-top-level-2'><a href='#competence' ><span class='avia-bullet'><\/span><span class='avia-menu-text'>Expertise<\/span><\/a><\/li>\n<li class='menu-item menu-item-top-level  menu-item-top-level-3'><a href='#cv' ><span class='avia-bullet'><\/span><span class='avia-menu-text'>Resume<\/span><\/a><\/li>\n<li class='menu-item menu-item-top-level  menu-item-top-level-4'><a href='https:\/\/www.linkedin.com\/in\/serge-fasel-799a8a41\/'  target=\"_blank\" ><span class='avia-bullet'><\/span><span class='avia-menu-text'>LinkedIn<\/span><\/a><\/li>\n<\/ul><\/div><\/div><div class='sticky_placeholder'><\/div><div id='after_submenu' class='main_color av_default_container_wrap container_wrap fullsize' style=' '  ><div class='container' ><div class='template-page content  av-content-full alpha units'><div class='post-entry post-entry-type-page post-entry-1566'><div class='entry-content-wrapper clearfix'>\n<div style='padding-bottom:0px; ' class='av-special-heading av-special-heading-h1  blockquote modern-quote modern-centered  avia-builder-el-4  el_after_av_submenu  el_before_av_hr  avia-builder-el-first    av-desktop-hide'><h1 class='av-special-heading-tag '  itemprop=\"headline\"  >Serge Fasel<\/h1><div class ='av-subheading av-subheading_below  ' style='font-size:15px;'><p>Partner | Geneva<\/p>\n<\/div><div class='special-heading-border'><div class='special-heading-inner-border' ><\/div><\/div><\/div>\n<div style='height:20px' class='hr hr-invisible  av-desktop-hide av-medium-hide av-small-hide  avia-builder-el-5  el_after_av_heading  el_before_av_textblock  '><span class='hr-inner ' ><span class='hr-inner-style'><\/span><\/span><\/div>\n<section class=\"av_textblock_section  av-desktop-hide\"  itemscope=\"itemscope\" itemtype=\"https:\/\/schema.org\/CreativeWork\" ><div class='avia_textblock  '   itemprop=\"text\" ><p style=\"text-align: center;\">+41 22 849 60 40<br \/>\n<a href=\"mailto:sfasel@fbt.ch\">sfasel@fbt.ch<\/a><\/p>\n<\/div><\/section>\n<div class='avia-buttonrow-wrap avia-buttonrow-center  av-desktop-hide  avia-builder-el-7  el_after_av_textblock  el_before_av_section  avia-builder-el-last  '>\n<a href='https:\/\/www.fbt-avocats.ch\/en\/?id_contact=9&amp;download_vcard=1'  class='avia-button av-icon-on-hover avia-icon_select-yes-left-icon avia-color-dark avia-size-medium '  style='margin-bottom:5px; margin-left:3px; margin-right:3px; ' ><span class='avia_button_icon avia_button_icon_left ' aria-hidden='true' data-av_icon='\ue840' data-av_iconfont='entypo-fontello'><\/span><span class='avia_iconbox_title' >vCard<\/span><\/a>\n<\/div>\n<\/div><\/div><\/div><!-- close content main div --><\/div><\/div><div id='competence' class='avia-section main_color avia-section-large avia-no-border-styling avia-bg-style-scroll  avia-builder-el-8  el_after_av_buttonrow  el_before_av_section    container_wrap fullsize' style=' '  ><div class='container' ><div class='template-page content  av-content-full alpha units'><div class='post-entry post-entry-type-page post-entry-1566'><div class='entry-content-wrapper clearfix'>\n<div class=\"flex_column av_one_full  av-animated-generic top-to-bottom  flex_column_div av-zero-column-padding first  avia-builder-el-9  el_before_av_two_third  avia-builder-el-first   \" style='border-radius:0px; '><section class=\"av_textblock_section \"  itemscope=\"itemscope\" itemtype=\"https:\/\/schema.org\/CreativeWork\" ><div class='avia_textblock  '   itemprop=\"text\" ><p style=\"text-align: left;\"><strong>Practice areas: <\/strong><a href=\"https:\/\/www.fbt-avocats.ch\/en\/competence\/litigation-and-arbitration\/\">Litigation and Arbitration (Head\u00a0of\u00a0practice)<\/a><\/p>\n<p style=\"text-align: left;\"><strong>Languages:<\/strong> French,\u00a0English,\u00a0German<\/p>\n<\/div><\/section><\/div><div class=\"flex_column av_two_third  av-animated-generic top-to-bottom  flex_column_div first  avia-builder-el-11  el_after_av_one_full  el_before_av_one_third   column-top-margin\" style='padding:30px; border-radius:0px; '><section class=\"av_textblock_section \"  itemscope=\"itemscope\" itemtype=\"https:\/\/schema.org\/CreativeWork\" ><div class='avia_textblock  '   itemprop=\"text\" ><h3 style=\"text-align: left;\">EXPERTISE<\/h3>\n<\/div><\/section><br \/>\n<section class=\"av_textblock_section \"  itemscope=\"itemscope\" itemtype=\"https:\/\/schema.org\/CreativeWork\" ><div class='avia_textblock  '   itemprop=\"text\" ><p><strong>Serge Fasel<\/strong> is a Partner with FBT and head of its Litigation and Arbitration group. He has extensive experience both in Swiss and international court litigation and arbitration. His fields of activities cover all forms of commercial disputes, particularly in the financial sector.<\/p>\n<p>Serge Fasel is also active in the areas of insolvency law, employment law and economic crime. He has a vast knowledge of the Swiss judicial environment. He is recommended by Legal500 for his expertise in dispute resolution and, in particular, disputes involving banks (\u201cSerge Fasel is an experienced litigator with deep knowledge of the banking industry\u201d, Legal500 2016).<\/p>\n<p>Serge Fasel is a Deputy Judge with the Geneva Appeal Court after having served for several years as Deputy Judge with the Court of First Instance.<\/p>\n<p>He has also achieved a course in the Military Justice, his last two responsibilities having been Deputy Chief Auditor with the Swiss Army and then Judge with the Federal Military Court of Cassation.<\/p>\n<\/div><\/section><\/p><\/div><div class=\"flex_column av_one_third  flex_column_div av-zero-column-padding   avia-builder-el-14  el_after_av_two_third  avia-builder-el-last  column-top-margin\" style='border-radius:0px; '><div  data-size='no scaling'  data-lightbox_size='large'  data-animation='fade'  data-conditional_play=''  data-ids='30376,26117,26119,26121'  data-video_counter='0'  data-autoplay='true'  data-bg_slider='false'  data-slide_height=''  data-handle='av_slideshow'  data-interval='10'  data-class=' avia-builder-el-15  avia-builder-el-no-sibling    av-mini-hide'  data-css_id=''  data-scroll_down=''  data-control_layout='av-control-default'  data-custom_markup=''  data-perma_caption=''  data-autoplay_stopper=''  data-image_attachment=''  data-min_height='0px'  class='avia-slideshow avia-slideshow-4  av-control-default av-default-height-applied avia-slideshow-no scaling av_slideshow  avia-builder-el-15  avia-builder-el-no-sibling    av-mini-hide avia-fade-slider '  itemprop=\"ImageObject\" itemscope=\"itemscope\" itemtype=\"https:\/\/schema.org\/ImageObject\" ><ul class='avia-slideshow-inner ' style='padding-bottom: 125%;' ><li  class=' slide-1 ' ><div data-rel='slideshow-4' class='avia-slide-wrap '   ><img src='https:\/\/www.fbt-avocats.ch\/wp-content\/uploads\/2025\/10\/SFA1.png' width='1200' height='1500' title='SFA1' alt=''  itemprop=\"thumbnailUrl\"   \/><\/div><\/li><li  class=' slide-2 ' ><div data-rel='slideshow-4' class='avia-slide-wrap '   ><img src='https:\/\/www.fbt-avocats.ch\/wp-content\/uploads\/2024\/10\/SFA1.png' width='1200' height='1500' title='SFA1' alt=''  itemprop=\"thumbnailUrl\"   \/><\/div><\/li><li  class=' slide-3 ' ><div data-rel='slideshow-4' class='avia-slide-wrap '   ><img src='https:\/\/www.fbt-avocats.ch\/wp-content\/uploads\/2024\/10\/SFA2.png' width='1200' height='1500' title='SFA2' alt=''  itemprop=\"thumbnailUrl\"   \/><\/div><\/li><li  class=' slide-4 ' ><div data-rel='slideshow-4' class='avia-slide-wrap '   ><img src='https:\/\/www.fbt-avocats.ch\/wp-content\/uploads\/2024\/10\/SFA3.png' width='1200' height='1500' title='SFA3' alt=''  itemprop=\"thumbnailUrl\"   \/><\/div><\/li><\/ul><div class='avia-slideshow-arrows avia-slideshow-controls'><a href='#prev' class='prev-slide' aria-hidden='true' data-av_icon='\ue87c' data-av_iconfont='entypo-fontello'>Previous<\/a><a href='#next' class='next-slide' aria-hidden='true' data-av_icon='\ue87d' data-av_iconfont='entypo-fontello'>Next<\/a><\/div><div class='avia-slideshow-dots avia-slideshow-controls'><a href='#1' class='goto-slide active' >1<\/a><a href='#2' class='goto-slide ' >2<\/a><a href='#3' class='goto-slide ' >3<\/a><a href='#4' class='goto-slide ' >4<\/a><\/div><\/div><\/div>\n\n<\/div><\/div><\/div><!-- close content main div --><\/div><\/div><div id='cv' class='avia-section alternate_color avia-section-default avia-no-border-styling avia-bg-style-scroll  avia-builder-el-16  el_after_av_section  avia-builder-el-last    container_wrap fullsize' style=' '  ><div class='container' ><div class='template-page content  av-content-full alpha units'><div class='post-entry post-entry-type-page post-entry-1566'><div class='entry-content-wrapper clearfix'>\n<div class=\"flex_column av_one_full  flex_column_div first  avia-builder-el-17  el_before_av_one_third  avia-builder-el-first   \" style='padding:50px; border-radius:0px; '><div class=\"tabcontainer   sidebar_tab sidebar_tab_left noborder_tabs  avia-builder-el-18  avia-builder-el-no-sibling  \">\n\n<section class=\"av_tab_section\"  itemscope=\"itemscope\" itemtype=\"https:\/\/schema.org\/CreativeWork\" >    <div aria-controls=\"tab-id-1\" role=\"tab\" tabindex=\"0\" data-fake-id=\"#tab-id-1\" class=\"tab active_tab\"  itemprop=\"headline\" >Education and Professional Experience<\/div>\n    <div id=\"tab-id-1-container\" class=\"tab_content active_tab_content\" aria-hidden=\"false\">\n        <div class=\"tab_inner_content invers-color\"  itemprop=\"text\" >\n<p><strong>Since 1993<br \/>\n<\/strong>Partner, FBT Avocats SA, Geneva<\/p>\n<p><strong>1985-1993<\/strong><br \/>\nAssociate with a Swiss law firm<\/p>\n<p><strong>1985<\/strong><br \/>\nAdmission to the Geneva Bar<\/p>\n<p><strong>1983<br \/>\n<\/strong>Law degree, University of Fribourg<\/p>\n\n        <\/div>\n    <\/div>\n<\/section>\n\n<section class=\"av_tab_section\"  itemscope=\"itemscope\" itemtype=\"https:\/\/schema.org\/CreativeWork\" >    <div aria-controls=\"tab-id-2\" role=\"tab\" tabindex=\"0\" data-fake-id=\"#tab-id-2\" class=\"tab \"  itemprop=\"headline\" >Memberships<\/div>\n    <div id=\"tab-id-2-container\" class=\"tab_content \" aria-hidden=\"true\">\n        <div class=\"tab_inner_content invers-color\"  itemprop=\"text\" >\n<p>Geneva Bar Association<\/p>\n<p>Swiss Bar Association<\/p>\n<p>Geneva Business Law Association<\/p>\n<p>International Bar Association (IBA)<\/p>\n<p>Soci\u00e9t\u00e9 genevoise de droit et de l\u00e9gislation (SGDL)<\/p>\n<p>Swiss Arbitration Association (ASA)<\/p>\n<p>Debt Collection and Bankruptcy Law Association<\/p>\n<p>Lausanne University Centre for Business Law (CEDIDAC)<\/p>\n\n        <\/div>\n    <\/div>\n<\/section>\n\n<section class=\"av_tab_section\"  itemscope=\"itemscope\" itemtype=\"https:\/\/schema.org\/CreativeWork\" >    <div aria-controls=\"tab-id-3\" role=\"tab\" tabindex=\"0\" data-fake-id=\"#tab-id-3\" class=\"tab \"  itemprop=\"headline\" >Publications<\/div>\n    <div id=\"tab-id-3-container\" class=\"tab_content \" aria-hidden=\"true\">\n        <div class=\"tab_inner_content invers-color\"  itemprop=\"text\" >\n    <div id=\"ej-search-result\">\r\n               <div  class=\"ej-search-result-item\">\r\n            <a href=\"https:\/\/www.fbt-avocats.ch\/en\/guide-pratique-en-droit-des-poursuites-mainlevee-et-effet-suspensif\/\"> \r\n                <!-- <div> -->\r\n                  <div class=\"ej-search-image\">\r\n                    <img loading=\"lazy\" decoding=\"async\" width=\"36\" height=\"36\" src=\"https:\/\/www.fbt-avocats.ch\/wp-content\/plugins\/ej-search\/images\/article-publication-36.png\">\r\n                  <\/div>\r\n                <div class=\"ej-search-result-container\">  \r\n                  <span class=\"ej-search-title\">Practical guide to debt enforcement and bankruptcy law, release and suspensive effect<\/span> \r\n                  <span class=\"ej-search-date-publication\">Mars 2024  <\/span>\r\n                  <span class=\"ej-search-competence\">  \/ Litigation and Arbitration <\/span>\r\n                  <span class=\"ej-search-auteur\"> Serge Fasel , Rodrigo Domingos Da Silva <\/span>\r\n                <\/div>  \r\n            <\/a> \r\n            <div style=\"clear:both\"><\/div>\r\n          <\/div>\r\n               <div  class=\"ej-search-result-item\">\r\n            <a href=\"https:\/\/www.fbt-avocats.ch\/en\/avenir-coco-bonds\/\"> \r\n                <!-- <div> -->\r\n                  <div class=\"ej-search-image\">\r\n                    <img loading=\"lazy\" decoding=\"async\" width=\"36\" height=\"36\" src=\"https:\/\/www.fbt-avocats.ch\/wp-content\/plugins\/ej-search\/images\/article-publication-36.png\">\r\n                  <\/div>\r\n                <div class=\"ej-search-result-container\">  \r\n                  <span class=\"ej-search-title\">Quel avenir pour les CoCo Bonds ?<\/span> \r\n                  <span class=\"ej-search-date-publication\">Ao\u00fbt 2023  <\/span>\r\n                  <span class=\"ej-search-competence\">  \/ Litigation and Arbitration <\/span>\r\n                  <span class=\"ej-search-auteur\"> Serge Fasel , Joanna Ybarra <\/span>\r\n                <\/div>  \r\n            <\/a> \r\n            <div style=\"clear:both\"><\/div>\r\n          <\/div>\r\n               <div  class=\"ej-search-result-item\">\r\n            <a href=\"https:\/\/www.fbt-avocats.ch\/en\/pratique-judiciaire-nuit-a-lintention-legislateur\/\"> \r\n                <!-- <div> -->\r\n                  <div class=\"ej-search-image\">\r\n                    <img loading=\"lazy\" decoding=\"async\" width=\"36\" height=\"36\" src=\"https:\/\/www.fbt-avocats.ch\/wp-content\/plugins\/ej-search\/images\/article-publication-36.png\">\r\n                  <\/div>\r\n                <div class=\"ej-search-result-container\">  \r\n                  <span class=\"ej-search-title\">Quand la pratique judiciaire nuit \u00e0 l'intention du l\u00e9gislateur<\/span> \r\n                  <span class=\"ej-search-date-publication\">Juillet 2023  <\/span>\r\n                  <span class=\"ej-search-competence\">  \/ Litigation and Arbitration <\/span>\r\n                  <span class=\"ej-search-auteur\"> Serge Fasel , Olivia de Weck <\/span>\r\n                <\/div>  \r\n            <\/a> \r\n            <div style=\"clear:both\"><\/div>\r\n          <\/div>\r\n               <div  class=\"ej-search-result-item\">\r\n            <a href=\"https:\/\/www.fbt-avocats.ch\/en\/limites-droit-dacces-aux-donnees-de-lart-8-lpd-situation-actuelle-droit-a-lavenir\/\"> \r\n                <!-- <div> -->\r\n                  <div class=\"ej-search-image\">\r\n                    <img loading=\"lazy\" decoding=\"async\" width=\"36\" height=\"36\" src=\"https:\/\/www.fbt-avocats.ch\/wp-content\/plugins\/ej-search\/images\/article-publication-36.png\">\r\n                  <\/div>\r\n                <div class=\"ej-search-result-container\">  \r\n                  <span class=\"ej-search-title\">Les limites du droit d'acc\u00e8s aux donn\u00e9es de l'art. 8 LPD (Situation actuelle et droit \u00e0 l'avenir)<\/span> \r\n                  <span class=\"ej-search-date-publication\">Mai 2023  <\/span>\r\n                  <span class=\"ej-search-competence\">  \/ Litigation and Arbitration <\/span>\r\n                  <span class=\"ej-search-auteur\"> Serge Fasel , Olivia de Weck <\/span>\r\n                <\/div>  \r\n            <\/a> \r\n            <div style=\"clear:both\"><\/div>\r\n          <\/div>\r\n               <div  class=\"ej-search-result-item\">\r\n            <a href=\"https:\/\/www.fbt-avocats.ch\/en\/teletravail-quelques-reflexions\/\"> \r\n                <!-- <div> -->\r\n                  <div class=\"ej-search-image\">\r\n                    <img loading=\"lazy\" decoding=\"async\" width=\"36\" height=\"36\" src=\"https:\/\/www.fbt-avocats.ch\/wp-content\/plugins\/ej-search\/images\/article-publication-36.png\">\r\n                  <\/div>\r\n                <div class=\"ej-search-result-container\">  \r\n                  <span class=\"ej-search-title\">T\u00e9l\u00e9travail \u2013 Quelques R\u00e9flexions<\/span> \r\n                  <span class=\"ej-search-date-publication\">Mai 2022  <\/span>\r\n                  <span class=\"ej-search-competence\">  \/ Litigation and Arbitration <\/span>\r\n                  <span class=\"ej-search-auteur\"> Serge Fasel , Olivia de Weck <\/span>\r\n                <\/div>  \r\n            <\/a> \r\n            <div style=\"clear:both\"><\/div>\r\n          <\/div>\r\n               <div  class=\"ej-search-result-item\">\r\n            <a href=\"https:\/\/www.fbt-avocats.ch\/en\/no-jab-no-job\/\"> \r\n                <!-- <div> -->\r\n                  <div class=\"ej-search-image\">\r\n                    <img loading=\"lazy\" decoding=\"async\" width=\"36\" height=\"36\" src=\"https:\/\/www.fbt-avocats.ch\/wp-content\/plugins\/ej-search\/images\/article-publication-36.png\">\r\n                  <\/div>\r\n                <div class=\"ej-search-result-container\">  \r\n                  <span class=\"ej-search-title\">No jab, no job.<\/span> \r\n                  <span class=\"ej-search-date-publication\">Juillet 2021  <\/span>\r\n                  <span class=\"ej-search-competence\">  \/ Litigation and Arbitration , Labour and social insurance <\/span>\r\n                  <span class=\"ej-search-auteur\"> Serge Fasel , Olivia de Weck <\/span>\r\n                <\/div>  \r\n            <\/a> \r\n            <div style=\"clear:both\"><\/div>\r\n          <\/div>\r\n               <div  class=\"ej-search-result-item\">\r\n            <a href=\"https:\/\/www.fbt-avocats.ch\/en\/appels-de-marge-la-crainte-dune-3eme-vague-confirmee\/\"> \r\n                <!-- <div> -->\r\n                  <div class=\"ej-search-image\">\r\n                    <img loading=\"lazy\" decoding=\"async\" width=\"36\" height=\"36\" src=\"https:\/\/www.fbt-avocats.ch\/wp-content\/plugins\/ej-search\/images\/article-publication-36.png\">\r\n                  <\/div>\r\n                <div class=\"ej-search-result-container\">  \r\n                  <span class=\"ej-search-title\">Appels de marge : la crainte d\u2019une 3\u00e8me vague confirm\u00e9e<\/span> \r\n                  <span class=\"ej-search-date-publication\">Mai 2020  <\/span>\r\n                  <span class=\"ej-search-competence\">  \/ Banking and Finance <\/span>\r\n                  <span class=\"ej-search-auteur\"> Fr\u00e9d\u00e9rique Bensahel , Serge Fasel , Jean-Marie Kiener <\/span>\r\n                <\/div>  \r\n            <\/a> \r\n            <div style=\"clear:both\"><\/div>\r\n          <\/div>\r\n               <div  class=\"ej-search-result-item\">\r\n            <a href=\"https:\/\/www.fbt-avocats.ch\/en\/prescription-de-laction-penale-et-covid-19\/\"> \r\n                <!-- <div> -->\r\n                  <div class=\"ej-search-image\">\r\n                    <img loading=\"lazy\" decoding=\"async\" width=\"36\" height=\"36\" src=\"https:\/\/www.fbt-avocats.ch\/wp-content\/plugins\/ej-search\/images\/article-publication-36.png\">\r\n                  <\/div>\r\n                <div class=\"ej-search-result-container\">  \r\n                  <span class=\"ej-search-title\">Prescription de l'action p\u00e9nale et COVID-19<\/span> \r\n                  <span class=\"ej-search-date-publication\">Mai 2020  <\/span>\r\n                  <span class=\"ej-search-competence\">  \/ Litigation and Arbitration , White-collar crime , Droit p\u00e9nal \u00e9conomique <\/span>\r\n                  <span class=\"ej-search-auteur\"> Serge Fasel <\/span>\r\n                <\/div>  \r\n            <\/a> \r\n            <div style=\"clear:both\"><\/div>\r\n          <\/div>\r\n               <div  class=\"ej-search-result-item\">\r\n            <a href=\"https:\/\/www.fbt-avocats.ch\/en\/covid-19-et-entreprises-mesures-adoptees-pour-prevenir-les-faillites\/\"> \r\n                <!-- <div> -->\r\n                  <div class=\"ej-search-image\">\r\n                    <img loading=\"lazy\" decoding=\"async\" width=\"36\" height=\"36\" src=\"https:\/\/www.fbt-avocats.ch\/wp-content\/plugins\/ej-search\/images\/article-publication-36.png\">\r\n                  <\/div>\r\n                <div class=\"ej-search-result-container\">  \r\n                  <span class=\"ej-search-title\">COVID-19 et entreprises : mesures adopt\u00e9es pour pr\u00e9venir les faillites<\/span> \r\n                  <span class=\"ej-search-date-publication\">Avril 2020  <\/span>\r\n                  <span class=\"ej-search-competence\">  \/ Litigation and Arbitration <\/span>\r\n                  <span class=\"ej-search-auteur\"> Serge Fasel , Romain Baume <\/span>\r\n                <\/div>  \r\n            <\/a> \r\n            <div style=\"clear:both\"><\/div>\r\n          <\/div>\r\n               <div  class=\"ej-search-result-item\">\r\n            <a href=\"https:\/\/www.fbt-avocats.ch\/en\/mise-jour-actes-legislatifs-federaux-adoptes-dans-le-contexte-de-la-pandemie-covid-19\/\"> \r\n                <!-- <div> -->\r\n                  <div class=\"ej-search-image\">\r\n                    <img loading=\"lazy\" decoding=\"async\" width=\"36\" height=\"36\" src=\"https:\/\/www.fbt-avocats.ch\/wp-content\/plugins\/ej-search\/images\/article-publication-36.png\">\r\n                  <\/div>\r\n                <div class=\"ej-search-result-container\">  \r\n                  <span class=\"ej-search-title\">MISE \u00c0 JOUR - Actes l\u00e9gislatifs f\u00e9d\u00e9raux adopt\u00e9s dans le contexte de la pand\u00e9mie COVID-19<\/span> \r\n                  <span class=\"ej-search-date-publication\">Avril 2020  <\/span>\r\n                  <span class=\"ej-search-competence\">  \/ Litigation and Arbitration <\/span>\r\n                  <span class=\"ej-search-auteur\"> Serge Fasel , Romain Baume , Charlotte Andrey <\/span>\r\n                <\/div>  \r\n            <\/a> \r\n            <div style=\"clear:both\"><\/div>\r\n          <\/div>\r\n               <div  class=\"ej-search-result-item\">\r\n            <a href=\"https:\/\/www.fbt-avocats.ch\/en\/licenciements-collectifs-et-plans-sociaux-synthese\/\"> \r\n                <!-- <div> -->\r\n                  <div class=\"ej-search-image\">\r\n                    <img loading=\"lazy\" decoding=\"async\" width=\"36\" height=\"36\" src=\"https:\/\/www.fbt-avocats.ch\/wp-content\/plugins\/ej-search\/images\/article-publication-36.png\">\r\n                  <\/div>\r\n                <div class=\"ej-search-result-container\">  \r\n                  <span class=\"ej-search-title\">Licenciements collectifs et plans sociaux : synth\u00e8se<\/span> \r\n                  <span class=\"ej-search-date-publication\">Avril 2020  <\/span>\r\n                  <span class=\"ej-search-competence\">  \/ Litigation and Arbitration <\/span>\r\n                  <span class=\"ej-search-auteur\"> Serge Fasel , Romain Baume <\/span>\r\n                <\/div>  \r\n            <\/a> \r\n            <div style=\"clear:both\"><\/div>\r\n          <\/div>\r\n               <div  class=\"ej-search-result-item\">\r\n            <a href=\"https:\/\/www.fbt-avocats.ch\/en\/le-droit-de-lemployeur-dimposer-des-vacances\/\"> \r\n                <!-- <div> -->\r\n                  <div class=\"ej-search-image\">\r\n                    <img loading=\"lazy\" decoding=\"async\" width=\"36\" height=\"36\" src=\"https:\/\/www.fbt-avocats.ch\/wp-content\/plugins\/ej-search\/images\/article-publication-36.png\">\r\n                  <\/div>\r\n                <div class=\"ej-search-result-container\">  \r\n                  <span class=\"ej-search-title\">Le droit de l'employeur d'imposer des vacances<\/span> \r\n                  <span class=\"ej-search-date-publication\">Avril 2020  <\/span>\r\n                  <span class=\"ej-search-competence\">  \/ Litigation and Arbitration <\/span>\r\n                  <span class=\"ej-search-auteur\"> Serge Fasel , Th\u00e9o Goetschin , Charlotte Andrey <\/span>\r\n                <\/div>  \r\n            <\/a> \r\n            <div style=\"clear:both\"><\/div>\r\n          <\/div>\r\n               <div  class=\"ej-search-result-item\">\r\n            <a href=\"https:\/\/www.fbt-avocats.ch\/en\/actes-legislatifs-federaux-adoptes-dans-le-contexte-de-la-pandemie-covid-19\/\"> \r\n                <!-- <div> -->\r\n                  <div class=\"ej-search-image\">\r\n                    <img loading=\"lazy\" decoding=\"async\" width=\"36\" height=\"36\" src=\"https:\/\/www.fbt-avocats.ch\/wp-content\/plugins\/ej-search\/images\/article-publication-36.png\">\r\n                  <\/div>\r\n                <div class=\"ej-search-result-container\">  \r\n                  <span class=\"ej-search-title\">Actes l\u00e9gislatifs f\u00e9d\u00e9raux adopt\u00e9s dans le contexte de la pand\u00e9mie COVID-19<\/span> \r\n                  <span class=\"ej-search-date-publication\">Avril 2020  <\/span>\r\n                  <span class=\"ej-search-competence\">  \/ Litigation and Arbitration <\/span>\r\n                  <span class=\"ej-search-auteur\"> Serge Fasel , Romain Baume , Charlotte Andrey <\/span>\r\n                <\/div>  \r\n            <\/a> \r\n            <div style=\"clear:both\"><\/div>\r\n          <\/div>\r\n               <div  class=\"ej-search-result-item\">\r\n            <a href=\"https:\/\/www.fbt-avocats.ch\/en\/travailleur-senior-qui-nexecute-plus-ses-taches-de-maniere-satisfaisante\/\"> \r\n                <!-- <div> -->\r\n                  <div class=\"ej-search-image\">\r\n                    <img loading=\"lazy\" decoding=\"async\" width=\"36\" height=\"36\" src=\"https:\/\/www.fbt-avocats.ch\/wp-content\/plugins\/ej-search\/images\/article-publication-36.png\">\r\n                  <\/div>\r\n                <div class=\"ej-search-result-container\">  \r\n                  <span class=\"ej-search-title\">Travailleur senior qui n\u2019ex\u00e9cute plus ses t\u00e2ches de mani\u00e8re satisfaisante<\/span> \r\n                  <span class=\"ej-search-date-publication\">Avril 2020  <\/span>\r\n                  <span class=\"ej-search-competence\">  \/ Litigation and Arbitration <\/span>\r\n                  <span class=\"ej-search-auteur\"> Serge Fasel <\/span>\r\n                <\/div>  \r\n            <\/a> \r\n            <div style=\"clear:both\"><\/div>\r\n          <\/div>\r\n               <div  class=\"ej-search-result-item\">\r\n            <a href=\"https:\/\/www.fbt-avocats.ch\/en\/covid-19-mise-jour-des-delais-judiciaire-avril-2020\/\"> \r\n                <!-- <div> -->\r\n                  <div class=\"ej-search-image\">\r\n                    <img loading=\"lazy\" decoding=\"async\" width=\"36\" height=\"36\" src=\"https:\/\/www.fbt-avocats.ch\/wp-content\/plugins\/ej-search\/images\/article-publication-36.png\">\r\n                  <\/div>\r\n                <div class=\"ej-search-result-container\">  \r\n                  <span class=\"ej-search-title\">COVID-19 \u2013 Mise \u00e0 jour des d\u00e9lais judiciaires - Avril 2020<\/span> \r\n                  <span class=\"ej-search-date-publication\">Avril 2020  <\/span>\r\n                  <span class=\"ej-search-competence\">  \/ Litigation and Arbitration <\/span>\r\n                  <span class=\"ej-search-auteur\"> Serge Fasel , Romain Baume <\/span>\r\n                <\/div>  \r\n            <\/a> \r\n            <div style=\"clear:both\"><\/div>\r\n          <\/div>\r\n               <div  class=\"ej-search-result-item\">\r\n            <a href=\"https:\/\/www.fbt-avocats.ch\/en\/licenciement-economique-et-travailleurs-seniors\/\"> \r\n                <!-- <div> -->\r\n                  <div class=\"ej-search-image\">\r\n                    <img loading=\"lazy\" decoding=\"async\" width=\"36\" height=\"36\" src=\"https:\/\/www.fbt-avocats.ch\/wp-content\/plugins\/ej-search\/images\/article-publication-36.png\">\r\n                  <\/div>\r\n                <div class=\"ej-search-result-container\">  \r\n                  <span class=\"ej-search-title\">Licenciement \u00e9conomique et travailleurs seniors<\/span> \r\n                  <span class=\"ej-search-date-publication\">Avril 2020  <\/span>\r\n                  <span class=\"ej-search-competence\">  \/ Labour and social insurance <\/span>\r\n                  <span class=\"ej-search-auteur\"> Serge Fasel <\/span>\r\n                <\/div>  \r\n            <\/a> \r\n            <div style=\"clear:both\"><\/div>\r\n          <\/div>\r\n               <div  class=\"ej-search-result-item\">\r\n            <a href=\"https:\/\/www.fbt-avocats.ch\/en\/covid-19-mise-jour-des-delais-judiciaire\/\"> \r\n                <!-- <div> -->\r\n                  <div class=\"ej-search-image\">\r\n                    <img loading=\"lazy\" decoding=\"async\" width=\"36\" height=\"36\" src=\"https:\/\/www.fbt-avocats.ch\/wp-content\/plugins\/ej-search\/images\/article-publication-36.png\">\r\n                  <\/div>\r\n                <div class=\"ej-search-result-container\">  \r\n                  <span class=\"ej-search-title\">COVID-19 \u2013 Mise \u00e0 jour des d\u00e9lais judiciaires - Mars 2020<\/span> \r\n                  <span class=\"ej-search-date-publication\">Mars 2020  <\/span>\r\n                  <span class=\"ej-search-competence\">  \/ Litigation and Arbitration <\/span>\r\n                  <span class=\"ej-search-auteur\"> Serge Fasel , Romain Baume <\/span>\r\n                <\/div>  \r\n            <\/a> \r\n            <div style=\"clear:both\"><\/div>\r\n          <\/div>\r\n               <div  class=\"ej-search-result-item\">\r\n            <a href=\"https:\/\/www.fbt-avocats.ch\/en\/consequences-dune-crise-sur-linstitution-de-lexecution-forcee\/\"> \r\n                <!-- <div> -->\r\n                  <div class=\"ej-search-image\">\r\n                    <img loading=\"lazy\" decoding=\"async\" width=\"36\" height=\"36\" src=\"https:\/\/www.fbt-avocats.ch\/wp-content\/plugins\/ej-search\/images\/article-publication-36.png\">\r\n                  <\/div>\r\n                <div class=\"ej-search-result-container\">  \r\n                  <span class=\"ej-search-title\">Cons\u00e9quences d\u2019une crise sur l\u2019institution de l\u2019ex\u00e9cution forc\u00e9e<\/span> \r\n                  <span class=\"ej-search-date-publication\">Mars 2020  <\/span>\r\n                  <span class=\"ej-search-competence\">  \/ Litigation and Arbitration <\/span>\r\n                  <span class=\"ej-search-auteur\"> Serge Fasel , Th\u00e9o Goetschin <\/span>\r\n                <\/div>  \r\n            <\/a> \r\n            <div style=\"clear:both\"><\/div>\r\n          <\/div>\r\n        <\/div> \r\n\n\n        <\/div>\n    <\/div>\n<\/section>\n\n<section class=\"av_tab_section\"  itemscope=\"itemscope\" itemtype=\"https:\/\/schema.org\/CreativeWork\" >    <div aria-controls=\"tab-id-4\" role=\"tab\" tabindex=\"0\" data-fake-id=\"#tab-id-4\" class=\"tab \"  itemprop=\"headline\" >Media<\/div>\n    <div id=\"tab-id-4-container\" class=\"tab_content \" aria-hidden=\"true\">\n        <div class=\"tab_inner_content invers-color\"  itemprop=\"text\" >\n    <div id=\"ej-search-result\">\r\n               <div  class=\"ej-search-result-item\">\r\n            <a href=\"https:\/\/www.fbt-avocats.ch\/en\/succession-information-bancaire-acces-heritiers\/\"> \r\n                <!-- <div> -->\r\n                  <div class=\"ej-search-image\">\r\n                    <img loading=\"lazy\" decoding=\"async\" width=\"36\" height=\"36\" src=\"https:\/\/www.fbt-avocats.ch\/wp-content\/plugins\/ej-search\/images\/article-news-36.png\">\r\n                  <\/div>\r\n                <div class=\"ej-search-result-container\">  \r\n                  <span class=\"ej-search-title\">Inheritance and banking information: what access do heirs have?<\/span> \r\n                  <span class=\"ej-search-date-publication\">Octobre 2025  \/ Allnews  <\/span>\r\n                  <span class=\"ej-search-competence\">  \/ Litigation and Arbitration <\/span>\r\n                  <span class=\"ej-search-auteur\"> Serge Fasel , Th\u00e9o Goetschin <\/span>\r\n                <\/div>  \r\n            <\/a> \r\n            <div style=\"clear:both\"><\/div>\r\n          <\/div>\r\n               <div  class=\"ej-search-result-item\">\r\n            <a href=\"https:\/\/www.fbt-avocats.ch\/en\/the-fbt-avocats-team-has-been-distinguished-by-the-best-lawyers-in-switzerland-peer-review-2026-edition\/\"> \r\n                <!-- <div> -->\r\n                  <div class=\"ej-search-image\">\r\n                    <img loading=\"lazy\" decoding=\"async\" width=\"36\" height=\"36\" src=\"https:\/\/www.fbt-avocats.ch\/wp-content\/plugins\/ej-search\/images\/article-news-36.png\">\r\n                  <\/div>\r\n                <div class=\"ej-search-result-container\">  \r\n                  <span class=\"ej-search-title\">The FBT Avocats SA team has been distinguished by The Best Lawyers in Switzerland Peer Review (2026 Edition)<\/span> \r\n                  <span class=\"ej-search-date-publication\">Juillet 2025  <\/span>\r\n                  <span class=\"ej-search-competence\">  \/ Banking and Finance , Corporate and Commercial , Litigation and Arbitration , Tax , Family Estate , Labour and social insurance <\/span>\r\n                  <span class=\"ej-search-auteur\"> Alain Moreau , Fr\u00e9d\u00e9rique Bensahel , Jean-Luc Bochatay , Marco Villa , Michel Abt , Serge Fasel <\/span>\r\n                <\/div>  \r\n            <\/a> \r\n            <div style=\"clear:both\"><\/div>\r\n          <\/div>\r\n               <div  class=\"ej-search-result-item\">\r\n            <a href=\"https:\/\/www.fbt-avocats.ch\/en\/impact-de-conclusion-dun-bail-gage-immobilier\/\"> \r\n                <!-- <div> -->\r\n                  <div class=\"ej-search-image\">\r\n                    <img loading=\"lazy\" decoding=\"async\" width=\"36\" height=\"36\" src=\"https:\/\/www.fbt-avocats.ch\/wp-content\/plugins\/ej-search\/images\/article-news-36.png\">\r\n                  <\/div>\r\n                <div class=\"ej-search-result-container\">  \r\n                  <span class=\"ej-search-title\">Impact of the conclusion of a lease on property pledge<\/span> \r\n                  <span class=\"ej-search-date-publication\">Janvier 2025  \/ Allnews  <\/span>\r\n                  <span class=\"ej-search-competence\">  \/ Litigation and Arbitration <\/span>\r\n                  <span class=\"ej-search-auteur\"> Serge Fasel , Rodrigo Domingos Da Silva <\/span>\r\n                <\/div>  \r\n            <\/a> \r\n            <div style=\"clear:both\"><\/div>\r\n          <\/div>\r\n               <div  class=\"ej-search-result-item\">\r\n            <a href=\"https:\/\/www.fbt-avocats.ch\/en\/lheure-de-la-customisation-des-articles-de-luxe-a-t-elle-sonne\/\"> \r\n                <!-- <div> -->\r\n                  <div class=\"ej-search-image\">\r\n                    <img loading=\"lazy\" decoding=\"async\" width=\"36\" height=\"36\" src=\"https:\/\/www.fbt-avocats.ch\/wp-content\/plugins\/ej-search\/images\/article-news-36.png\">\r\n                  <\/div>\r\n                <div class=\"ej-search-result-container\">  \r\n                  <span class=\"ej-search-title\">Has the time come for luxury goods to be customised?<\/span> \r\n                  <span class=\"ej-search-date-publication\">Juillet 2024  \/ Allnews  <\/span>\r\n                  <span class=\"ej-search-competence\">  \/ Litigation and Arbitration <\/span>\r\n                  <span class=\"ej-search-auteur\"> Serge Fasel <\/span>\r\n                <\/div>  \r\n            <\/a> \r\n            <div style=\"clear:both\"><\/div>\r\n          <\/div>\r\n               <div  class=\"ej-search-result-item\">\r\n            <a href=\"https:\/\/www.fbt-avocats.ch\/en\/fbt-distinguished-by-best-lawyers-peer-review-2023\/\"> \r\n                <!-- <div> -->\r\n                  <div class=\"ej-search-image\">\r\n                    <img loading=\"lazy\" decoding=\"async\" width=\"36\" height=\"36\" src=\"https:\/\/www.fbt-avocats.ch\/wp-content\/plugins\/ej-search\/images\/article-news-36.png\">\r\n                  <\/div>\r\n                <div class=\"ej-search-result-container\">  \r\n                  <span class=\"ej-search-title\">FBT distinguished by Best Lawyers peer review<\/span> \r\n                  <span class=\"ej-search-date-publication\">Juin 2023  <\/span>\r\n                  <span class=\"ej-search-competence\">  \/ Banking and Finance , Litigation and Arbitration , Tax <\/span>\r\n                  <span class=\"ej-search-auteur\"> Fr\u00e9d\u00e9rique Bensahel , Michel Abt , Serge Fasel <\/span>\r\n                <\/div>  \r\n            <\/a> \r\n            <div style=\"clear:both\"><\/div>\r\n          <\/div>\r\n               <div  class=\"ej-search-result-item\">\r\n            <a href=\"https:\/\/www.fbt-avocats.ch\/en\/fairfield-actions-revocatoires-etat-lieux\/\"> \r\n                <!-- <div> -->\r\n                  <div class=\"ej-search-image\">\r\n                    <img loading=\"lazy\" decoding=\"async\" width=\"36\" height=\"36\" src=\"https:\/\/www.fbt-avocats.ch\/wp-content\/plugins\/ej-search\/images\/article-news-36.png\">\r\n                  <\/div>\r\n                <div class=\"ej-search-result-container\">  \r\n                  <span class=\"ej-search-title\">Fairfield - Actions r\u00e9vocatoires: \u00e9tat des lieux<\/span> \r\n                  <span class=\"ej-search-date-publication\">Novembre 2022  \/ Allnews  <\/span>\r\n                  <span class=\"ej-search-competence\">  \/ Litigation and Arbitration <\/span>\r\n                  <span class=\"ej-search-auteur\"> Serge Fasel <\/span>\r\n                <\/div>  \r\n            <\/a> \r\n            <div style=\"clear:both\"><\/div>\r\n          <\/div>\r\n               <div  class=\"ej-search-result-item\">\r\n            <a href=\"https:\/\/www.fbt-avocats.ch\/en\/gestion-de-fortune-captation-de-clientele\/\"> \r\n                <!-- <div> -->\r\n                  <div class=\"ej-search-image\">\r\n                    <img loading=\"lazy\" decoding=\"async\" width=\"36\" height=\"36\" src=\"https:\/\/www.fbt-avocats.ch\/wp-content\/plugins\/ej-search\/images\/article-news-36.png\">\r\n                  <\/div>\r\n                <div class=\"ej-search-result-container\">  \r\n                  <span class=\"ej-search-title\">Gestion de fortune: captation de client\u00e8le<\/span> \r\n                  <span class=\"ej-search-date-publication\">Avril 2022  \/ Allnews  <\/span>\r\n                  <span class=\"ej-search-competence\">  \/ Litigation and Arbitration <\/span>\r\n                  <span class=\"ej-search-auteur\"> Serge Fasel <\/span>\r\n                <\/div>  \r\n            <\/a> \r\n            <div style=\"clear:both\"><\/div>\r\n          <\/div>\r\n               <div  class=\"ej-search-result-item\">\r\n            <a href=\"https:\/\/www.fbt-avocats.ch\/en\/fbt-distinguished-by-best-lawyers-peer-review\/\"> \r\n                <!-- <div> -->\r\n                  <div class=\"ej-search-image\">\r\n                    <img loading=\"lazy\" decoding=\"async\" width=\"36\" height=\"36\" src=\"https:\/\/www.fbt-avocats.ch\/wp-content\/plugins\/ej-search\/images\/article-news-36.png\">\r\n                  <\/div>\r\n                <div class=\"ej-search-result-container\">  \r\n                  <span class=\"ej-search-title\">FBT distinguished by Best Lawyers peer review<\/span> \r\n                  <span class=\"ej-search-date-publication\">Juillet 2021  <\/span>\r\n                  <span class=\"ej-search-competence\">  \/ Banking and Finance , Corporate and Commercial , Litigation and Arbitration , Tax <\/span>\r\n                  <span class=\"ej-search-auteur\"> Alain Moreau , Fr\u00e9d\u00e9rique Bensahel , Jean-Louis Tsimaratos , Jean-Luc Bochatay , Marco Villa , Michel Abt , Serge Fasel <\/span>\r\n                <\/div>  \r\n            <\/a> \r\n            <div style=\"clear:both\"><\/div>\r\n          <\/div>\r\n               <div  class=\"ej-search-result-item\">\r\n            <a href=\"https:\/\/www.fbt-avocats.ch\/en\/faillite-revendication-modernisation-dun-vieil-outil-2021\/\"> \r\n                <!-- <div> -->\r\n                  <div class=\"ej-search-image\">\r\n                    <img loading=\"lazy\" decoding=\"async\" width=\"36\" height=\"36\" src=\"https:\/\/www.fbt-avocats.ch\/wp-content\/plugins\/ej-search\/images\/article-news-36.png\">\r\n                  <\/div>\r\n                <div class=\"ej-search-result-container\">  \r\n                  <span class=\"ej-search-title\">Faillite et revendication \u2013 modernisation d\u2019un vieil outil en 2021<\/span> \r\n                  <span class=\"ej-search-date-publication\">Janvier 2021  \/ Allnews  <\/span>\r\n                  <span class=\"ej-search-competence\">  \/ Litigation and Arbitration <\/span>\r\n                  <span class=\"ej-search-auteur\"> Serge Fasel <\/span>\r\n                <\/div>  \r\n            <\/a> \r\n            <div style=\"clear:both\"><\/div>\r\n          <\/div>\r\n               <div  class=\"ej-search-result-item\">\r\n            <a href=\"https:\/\/www.fbt-avocats.ch\/en\/appels-de-marge-la-crainte-dune-3e-vague-confirmee\/\"> \r\n                <!-- <div> -->\r\n                  <div class=\"ej-search-image\">\r\n                    <img loading=\"lazy\" decoding=\"async\" width=\"36\" height=\"36\" src=\"https:\/\/www.fbt-avocats.ch\/wp-content\/plugins\/ej-search\/images\/article-news-36.png\">\r\n                  <\/div>\r\n                <div class=\"ej-search-result-container\">  \r\n                  <span class=\"ej-search-title\">Appels de marge: la crainte d\u2019une 3e vague confirm\u00e9e<\/span> \r\n                  <span class=\"ej-search-date-publication\">Mai 2020  \/ Allnews  <\/span>\r\n                  <span class=\"ej-search-competence\">  \/ Banking and Finance <\/span>\r\n                  <span class=\"ej-search-auteur\"> Serge Fasel , Jean-Marie Kiener <\/span>\r\n                <\/div>  \r\n            <\/a> \r\n            <div style=\"clear:both\"><\/div>\r\n          <\/div>\r\n               <div  class=\"ej-search-result-item\">\r\n            <a href=\"https:\/\/www.fbt-avocats.ch\/en\/le-droit-de-lemployeur-dimposer-des-vacances-2\/\"> \r\n                <!-- <div> -->\r\n                  <div class=\"ej-search-image\">\r\n                    <img loading=\"lazy\" decoding=\"async\" width=\"36\" height=\"36\" src=\"https:\/\/www.fbt-avocats.ch\/wp-content\/plugins\/ej-search\/images\/article-news-36.png\">\r\n                  <\/div>\r\n                <div class=\"ej-search-result-container\">  \r\n                  <span class=\"ej-search-title\">Le droit de l\u2019employeur d\u2019imposer des vacances<\/span> \r\n                  <span class=\"ej-search-date-publication\">Mai 2020  \/ Allnews  <\/span>\r\n                  <span class=\"ej-search-competence\">  \/ Litigation and Arbitration <\/span>\r\n                  <span class=\"ej-search-auteur\"> Serge Fasel , Th\u00e9o Goetschin <\/span>\r\n                <\/div>  \r\n            <\/a> \r\n            <div style=\"clear:both\"><\/div>\r\n          <\/div>\r\n               <div  class=\"ej-search-result-item\">\r\n            <a href=\"https:\/\/www.fbt-avocats.ch\/en\/juges-assesseurs-detonnent\/\"> \r\n                <!-- <div> -->\r\n                  <div class=\"ej-search-image\">\r\n                    <img loading=\"lazy\" decoding=\"async\" width=\"36\" height=\"36\" src=\"https:\/\/www.fbt-avocats.ch\/wp-content\/plugins\/ej-search\/images\/article-news-36.png\">\r\n                  <\/div>\r\n                <div class=\"ej-search-result-container\">  \r\n                  <span class=\"ej-search-title\">Ces juges assesseurs qui d\u00e9tonnent<\/span> \r\n                  <span class=\"ej-search-date-publication\">F\u00e9vrier 2019  \/ Le Temps  <\/span>\r\n                  <span class=\"ej-search-competence\">  \/ Litigation and Arbitration <\/span>\r\n                  <span class=\"ej-search-auteur\"> Serge Fasel <\/span>\r\n                <\/div>  \r\n            <\/a> \r\n            <div style=\"clear:both\"><\/div>\r\n          <\/div>\r\n               <div  class=\"ej-search-result-item\">\r\n            <a href=\"https:\/\/www.fbt-avocats.ch\/en\/serge-fasel-nomme-membre-conseil-dadministration-de-bcge\/\"> \r\n                <!-- <div> -->\r\n                  <div class=\"ej-search-image\">\r\n                    <img loading=\"lazy\" decoding=\"async\" width=\"36\" height=\"36\" src=\"https:\/\/www.fbt-avocats.ch\/wp-content\/plugins\/ej-search\/images\/article-news-36.png\">\r\n                  <\/div>\r\n                <div class=\"ej-search-result-container\">  \r\n                  <span class=\"ej-search-title\">Le Temps - Serge Fasel nomm\u00e9 membre du conseil d'administration de la BCGE<\/span> \r\n                  <span class=\"ej-search-date-publication\">Avril 2018  \/ Le Temps  <\/span>\r\n                  <span class=\"ej-search-competence\">  \/ Litigation and Arbitration <\/span>\r\n                  <span class=\"ej-search-auteur\"> Serge Fasel <\/span>\r\n                <\/div>  \r\n            <\/a> \r\n            <div style=\"clear:both\"><\/div>\r\n          <\/div>\r\n               <div  class=\"ej-search-result-item\">\r\n            <a href=\"https:\/\/www.fbt-avocats.ch\/en\/bcge-serge-fasel-nomme-membre-conseil-dadministration-de-bcge\/\"> \r\n                <!-- <div> -->\r\n                  <div class=\"ej-search-image\">\r\n                    <img loading=\"lazy\" decoding=\"async\" width=\"36\" height=\"36\" src=\"https:\/\/www.fbt-avocats.ch\/wp-content\/plugins\/ej-search\/images\/article-news-36.png\">\r\n                  <\/div>\r\n                <div class=\"ej-search-result-container\">  \r\n                  <span class=\"ej-search-title\">BCGE - Serge Fasel nomm\u00e9 membre du conseil d'administration de la BCGE<\/span> \r\n                  <span class=\"ej-search-date-publication\">Avril 2018  \/ BCGE  <\/span>\r\n                  <span class=\"ej-search-competence\">  \/ Litigation and Arbitration <\/span>\r\n                  <span class=\"ej-search-auteur\"> Serge Fasel <\/span>\r\n                <\/div>  \r\n            <\/a> \r\n            <div style=\"clear:both\"><\/div>\r\n          <\/div>\r\n               <div  class=\"ej-search-result-item\">\r\n            <a href=\"https:\/\/www.fbt-avocats.ch\/en\/allnews-serge-fasel-nomme-membre-conseil-dadministration-de-bcge\/\"> \r\n                <!-- <div> -->\r\n                  <div class=\"ej-search-image\">\r\n                    <img loading=\"lazy\" decoding=\"async\" width=\"36\" height=\"36\" src=\"https:\/\/www.fbt-avocats.ch\/wp-content\/plugins\/ej-search\/images\/article-news-36.png\">\r\n                  <\/div>\r\n                <div class=\"ej-search-result-container\">  \r\n                  <span class=\"ej-search-title\">Allnews - Serge Fasel nomm\u00e9 membre du conseil d'administration de la BCGE<\/span> \r\n                  <span class=\"ej-search-date-publication\">Avril 2018  \/ Allnews  <\/span>\r\n                  <span class=\"ej-search-competence\">  \/ Litigation and Arbitration <\/span>\r\n                  <span class=\"ej-search-auteur\"> Serge Fasel <\/span>\r\n                <\/div>  \r\n            <\/a> \r\n            <div style=\"clear:both\"><\/div>\r\n          <\/div>\r\n               <div  class=\"ej-search-result-item\">\r\n            <a href=\"https:\/\/www.fbt-avocats.ch\/en\/romandie-com-serge-fasel-nomme-membre-conseil-dadministration-de-bcge\/\"> \r\n                <!-- <div> -->\r\n                  <div class=\"ej-search-image\">\r\n                    <img loading=\"lazy\" decoding=\"async\" width=\"36\" height=\"36\" src=\"https:\/\/www.fbt-avocats.ch\/wp-content\/plugins\/ej-search\/images\/article-news-36.png\">\r\n                  <\/div>\r\n                <div class=\"ej-search-result-container\">  \r\n                  <span class=\"ej-search-title\">Romandie.com - Serge Fasel nomm\u00e9 membre du conseil d'administration de la BCGE<\/span> \r\n                  <span class=\"ej-search-date-publication\">Avril 2018  \/ Romandie.com  <\/span>\r\n                  <span class=\"ej-search-competence\">  \/ Litigation and Arbitration <\/span>\r\n                  <span class=\"ej-search-auteur\"> Serge Fasel <\/span>\r\n                <\/div>  \r\n            <\/a> \r\n            <div style=\"clear:both\"><\/div>\r\n          <\/div>\r\n               <div  class=\"ej-search-result-item\">\r\n            <a href=\"https:\/\/www.fbt-avocats.ch\/en\/finews-ch-serge-fasel-nomme-membre-conseil-dadministration-de-bcge\/\"> \r\n                <!-- <div> -->\r\n                  <div class=\"ej-search-image\">\r\n                    <img loading=\"lazy\" decoding=\"async\" width=\"36\" height=\"36\" src=\"https:\/\/www.fbt-avocats.ch\/wp-content\/plugins\/ej-search\/images\/article-news-36.png\">\r\n                  <\/div>\r\n                <div class=\"ej-search-result-container\">  \r\n                  <span class=\"ej-search-title\">Finews.ch - Serge Fasel nomm\u00e9 membre du conseil d'administration de la BCGE<\/span> \r\n                  <span class=\"ej-search-date-publication\">Avril 2018  \/ Finews.ch  <\/span>\r\n                  <span class=\"ej-search-competence\">  \/ Litigation and Arbitration <\/span>\r\n                  <span class=\"ej-search-auteur\"> Serge Fasel <\/span>\r\n                <\/div>  \r\n            <\/a> \r\n            <div style=\"clear:both\"><\/div>\r\n          <\/div>\r\n               <div  class=\"ej-search-result-item\">\r\n            <a href=\"https:\/\/www.fbt-avocats.ch\/en\/agefi-serge-fasel-nomme-membre-conseil-dadministration-de-bcge\/\"> \r\n                <!-- <div> -->\r\n                  <div class=\"ej-search-image\">\r\n                    <img loading=\"lazy\" decoding=\"async\" width=\"36\" height=\"36\" src=\"https:\/\/www.fbt-avocats.ch\/wp-content\/plugins\/ej-search\/images\/article-news-36.png\">\r\n                  <\/div>\r\n                <div class=\"ej-search-result-container\">  \r\n                  <span class=\"ej-search-title\">AGEFI - Serge Fasel nomm\u00e9 membre du conseil d'administration de la BCGE<\/span> \r\n                  <span class=\"ej-search-date-publication\">Avril 2018  \/ AGEFI  <\/span>\r\n                  <span class=\"ej-search-competence\">  \/ Litigation and Arbitration <\/span>\r\n                  <span class=\"ej-search-auteur\"> Serge Fasel <\/span>\r\n                <\/div>  \r\n            <\/a> \r\n            <div style=\"clear:both\"><\/div>\r\n          <\/div>\r\n               <div  class=\"ej-search-result-item\">\r\n            <a href=\"https:\/\/www.fbt-avocats.ch\/en\/bilan-serge-fasel-nomme-membre-conseil-dadministration-de-bcge\/\"> \r\n                <!-- <div> -->\r\n                  <div class=\"ej-search-image\">\r\n                    <img loading=\"lazy\" decoding=\"async\" width=\"36\" height=\"36\" src=\"https:\/\/www.fbt-avocats.ch\/wp-content\/plugins\/ej-search\/images\/article-news-36.png\">\r\n                  <\/div>\r\n                <div class=\"ej-search-result-container\">  \r\n                  <span class=\"ej-search-title\">Bilan - Serge Fasel nomm\u00e9 membre du conseil d'administration de la BCGE<\/span> \r\n                  <span class=\"ej-search-date-publication\">Avril 2018  \/ Bilan  <\/span>\r\n                  <span class=\"ej-search-competence\">  \/ Litigation and Arbitration <\/span>\r\n                  <span class=\"ej-search-auteur\"> Serge Fasel <\/span>\r\n                <\/div>  \r\n            <\/a> \r\n            <div style=\"clear:both\"><\/div>\r\n          <\/div>\r\n               <div  class=\"ej-search-result-item\">\r\n            <a href=\"https:\/\/www.fbt-avocats.ch\/en\/clawback-droit-de-gage-banques\/\"> \r\n                <!-- <div> -->\r\n                  <div class=\"ej-search-image\">\r\n                    <img loading=\"lazy\" decoding=\"async\" width=\"36\" height=\"36\" src=\"https:\/\/www.fbt-avocats.ch\/wp-content\/plugins\/ej-search\/images\/article-news-36.png\">\r\n                  <\/div>\r\n                <div class=\"ej-search-result-container\">  \r\n                  <span class=\"ej-search-title\">Clawback et droit de gage des banques<\/span> \r\n                  <span class=\"ej-search-date-publication\">F\u00e9vrier 2017  \/ AGEFI - Indices  <\/span>\r\n                  <span class=\"ej-search-competence\">  \/ Litigation and Arbitration <\/span>\r\n                  <span class=\"ej-search-auteur\"> Serge Fasel <\/span>\r\n                <\/div>  \r\n            <\/a> \r\n            <div style=\"clear:both\"><\/div>\r\n          <\/div>\r\n               <div  class=\"ej-search-result-item\">\r\n            <a href=\"https:\/\/www.fbt-avocats.ch\/en\/laffaire-qui-secoue-les-caisses-de-pension\/\"> \r\n                <!-- <div> -->\r\n                  <div class=\"ej-search-image\">\r\n                    <img loading=\"lazy\" decoding=\"async\" width=\"36\" height=\"36\" src=\"https:\/\/www.fbt-avocats.ch\/wp-content\/plugins\/ej-search\/images\/article-news-36.png\">\r\n                  <\/div>\r\n                <div class=\"ej-search-result-container\">  \r\n                  <span class=\"ej-search-title\">L'affaire qui secoue les caisses de pension<\/span> \r\n                  <span class=\"ej-search-date-publication\">Septembre 2014  \/ Le Temps  <\/span>\r\n                  <span class=\"ej-search-competence\">  \/ Banking and Finance , Litigation and Arbitration , Droit p\u00e9nal \u00e9conomique <\/span>\r\n                  <span class=\"ej-search-auteur\"> Fr\u00e9d\u00e9rique Bensahel , Serge Fasel <\/span>\r\n                <\/div>  \r\n            <\/a> \r\n            <div style=\"clear:both\"><\/div>\r\n          <\/div>\r\n               <div  class=\"ej-search-result-item\">\r\n            <a href=\"https:\/\/www.fbt-avocats.ch\/en\/justice-militaire\/\"> \r\n                <!-- <div> -->\r\n                  <div class=\"ej-search-image\">\r\n                    <img loading=\"lazy\" decoding=\"async\" width=\"36\" height=\"36\" src=\"https:\/\/www.fbt-avocats.ch\/wp-content\/plugins\/ej-search\/images\/article-news-36.png\">\r\n                  <\/div>\r\n                <div class=\"ej-search-result-container\">  \r\n                  <span class=\"ej-search-title\">Justice militaire<\/span> \r\n                  <span class=\"ej-search-date-publication\">Mars 2010  \/ Le Temps  <\/span>\r\n                  <span class=\"ej-search-competence\">  \/ Litigation and Arbitration <\/span>\r\n                  <span class=\"ej-search-auteur\"> Serge Fasel <\/span>\r\n                <\/div>  \r\n            <\/a> \r\n            <div style=\"clear:both\"><\/div>\r\n          <\/div>\r\n               <div  class=\"ej-search-result-item\">\r\n            <a href=\"https:\/\/www.fbt-avocats.ch\/en\/de-dommages-interets-aux-contribuables-americains\/\"> \r\n                <!-- <div> -->\r\n                  <div class=\"ej-search-image\">\r\n                    <img loading=\"lazy\" decoding=\"async\" width=\"36\" height=\"36\" src=\"https:\/\/www.fbt-avocats.ch\/wp-content\/plugins\/ej-search\/images\/article-news-36.png\">\r\n                  <\/div>\r\n                <div class=\"ej-search-result-container\">  \r\n                  <span class=\"ej-search-title\">Pas de dommages-int\u00e9r\u00eats aux contribuables am\u00e9ricains<\/span> \r\n                  <span class=\"ej-search-date-publication\">F\u00e9vrier 2010  \/ Le Temps  <\/span>\r\n                  <span class=\"ej-search-competence\">  \/ Banking and Finance , Litigation and Arbitration <\/span>\r\n                  <span class=\"ej-search-auteur\"> Fr\u00e9d\u00e9rique Bensahel , Serge Fasel <\/span>\r\n                <\/div>  \r\n            <\/a> \r\n            <div style=\"clear:both\"><\/div>\r\n          <\/div>\r\n        <\/div> \r\n\n\n        <\/div>\n    <\/div>\n<\/section>\n\n<section class=\"av_tab_section\"  itemscope=\"itemscope\" itemtype=\"https:\/\/schema.org\/CreativeWork\" >    <div aria-controls=\"tab-id-5\" role=\"tab\" tabindex=\"0\" data-fake-id=\"#tab-id-5\" class=\"tab \"  itemprop=\"headline\" >Other activities<\/div>\n    <div id=\"tab-id-5-container\" class=\"tab_content \" aria-hidden=\"true\">\n        <div class=\"tab_inner_content invers-color\"  itemprop=\"text\" >\n<p>Deputy Judge with the Geneva Appeal Court<\/p>\n\n        <\/div>\n    <\/div>\n<\/section>\n\n<\/div><\/div><div class=\"flex_column av_one_third  flex_column_div av-zero-column-padding first  avia-builder-el-19  el_after_av_one_full  avia-builder-el-last  column-top-margin\" style='border-radius:0px; '><div  data-size='no scaling'  data-lightbox_size='large'  data-animation='fade'  data-conditional_play=''  data-ids='30376,26117,26119,26121'  data-video_counter='0'  data-autoplay='true'  data-bg_slider='false'  data-slide_height=''  data-handle='av_slideshow'  data-interval='10'  data-class=' avia-builder-el-20  avia-builder-el-no-sibling    av-desktop-hide av-medium-hide av-small-hide'  data-css_id=''  data-scroll_down=''  data-control_layout='av-control-default'  data-custom_markup=''  data-perma_caption=''  data-autoplay_stopper=''  data-image_attachment=''  data-min_height='0px'  class='avia-slideshow avia-slideshow-5  av-control-default av-default-height-applied avia-slideshow-no scaling av_slideshow  avia-builder-el-20  avia-builder-el-no-sibling    av-desktop-hide av-medium-hide av-small-hide avia-fade-slider '  itemprop=\"ImageObject\" itemscope=\"itemscope\" itemtype=\"https:\/\/schema.org\/ImageObject\" ><ul class='avia-slideshow-inner ' style='padding-bottom: 125%;' ><li  class=' slide-1 ' ><div data-rel='slideshow-5' class='avia-slide-wrap '   ><img src='https:\/\/www.fbt-avocats.ch\/wp-content\/uploads\/2025\/10\/SFA1.png' width='1200' height='1500' title='SFA1' alt=''  itemprop=\"thumbnailUrl\"   \/><\/div><\/li><li  class=' slide-2 ' ><div data-rel='slideshow-5' class='avia-slide-wrap '   ><img src='https:\/\/www.fbt-avocats.ch\/wp-content\/uploads\/2024\/10\/SFA1.png' width='1200' height='1500' title='SFA1' alt=''  itemprop=\"thumbnailUrl\"   \/><\/div><\/li><li  class=' slide-3 ' ><div data-rel='slideshow-5' class='avia-slide-wrap '   ><img src='https:\/\/www.fbt-avocats.ch\/wp-content\/uploads\/2024\/10\/SFA2.png' width='1200' height='1500' title='SFA2' alt=''  itemprop=\"thumbnailUrl\"   \/><\/div><\/li><li  class=' slide-4 ' ><div data-rel='slideshow-5' class='avia-slide-wrap '   ><img src='https:\/\/www.fbt-avocats.ch\/wp-content\/uploads\/2024\/10\/SFA3.png' width='1200' height='1500' title='SFA3' alt=''  itemprop=\"thumbnailUrl\"   \/><\/div><\/li><\/ul><div class='avia-slideshow-arrows avia-slideshow-controls'><a href='#prev' class='prev-slide' aria-hidden='true' data-av_icon='\ue87c' data-av_iconfont='entypo-fontello'>Previous<\/a><a href='#next' class='next-slide' aria-hidden='true' data-av_icon='\ue87d' data-av_iconfont='entypo-fontello'>Next<\/a><\/div><div class='avia-slideshow-dots avia-slideshow-controls'><a href='#1' class='goto-slide active' >1<\/a><a href='#2' class='goto-slide ' >2<\/a><a href='#3' class='goto-slide ' >3<\/a><a href='#4' class='goto-slide ' >4<\/a><\/div><\/div><\/div>\n","protected":false},"excerpt":{"rendered":"<p>Partner &#8211; Geneva<\/p>\n","protected":false},"featured_media":29939,"comment_status":"closed","ping_status":"closed","template":"","tags":[],"portfolio_entries":[631,633,73,629],"class_list":["post-1566","portfolio","type-portfolio","status-publish","has-post-thumbnail","hentry","portfolio_entries-geneve-en","portfolio_entries-labour-and-social-insurance-law","portfolio_entries-litigation-and-arbitration","portfolio_entries-partner"],"_links":{"self":[{"href":"https:\/\/www.fbt-avocats.ch\/en\/wp-json\/wp\/v2\/portfolio\/1566","targetHints":{"allow":["GET"]}}],"collection":[{"href":"https:\/\/www.fbt-avocats.ch\/en\/wp-json\/wp\/v2\/portfolio"}],"about":[{"href":"https:\/\/www.fbt-avocats.ch\/en\/wp-json\/wp\/v2\/types\/portfolio"}],"replies":[{"embeddable":true,"href":"https:\/\/www.fbt-avocats.ch\/en\/wp-json\/wp\/v2\/comments?post=1566"}],"version-history":[{"count":0,"href":"https:\/\/www.fbt-avocats.ch\/en\/wp-json\/wp\/v2\/portfolio\/1566\/revisions"}],"wp:featuredmedia":[{"embeddable":true,"href":"https:\/\/www.fbt-avocats.ch\/en\/wp-json\/wp\/v2\/media\/29939"}],"wp:attachment":[{"href":"https:\/\/www.fbt-avocats.ch\/en\/wp-json\/wp\/v2\/media?parent=1566"}],"wp:term":[{"taxonomy":"post_tag","embeddable":true,"href":"https:\/\/www.fbt-avocats.ch\/en\/wp-json\/wp\/v2\/tags?post=1566"},{"taxonomy":"portfolio_entries","embeddable":true,"href":"https:\/\/www.fbt-avocats.ch\/en\/wp-json\/wp\/v2\/portfolio_entries?post=1566"}],"curies":[{"name":"wp","href":"https:\/\/api.w.org\/{rel}","templated":true}]}}